{"id":31748,"date":"2025-06-24T08:37:18","date_gmt":"2025-06-24T06:37:18","guid":{"rendered":"https:\/\/gabitel.net\/ayudas-publicas\/"},"modified":"2025-06-25T08:25:01","modified_gmt":"2025-06-25T06:25:01","slug":"ayudas-publicas","status":"publish","type":"page","link":"https:\/\/gabitel.net\/de\/ayudas-publicas\/","title":{"rendered":"\u00d6ffentliche Beihilfen"},"content":{"rendered":"\t\t<div data-elementor-type=\"wp-page\" data-elementor-id=\"31748\" class=\"elementor elementor-31748 elementor-31394\" data-elementor-post-type=\"page\">\n\t\t\t\t<div class=\"elementor-element elementor-element-66669a2 e-flex e-con-boxed e-con e-parent\" data-id=\"66669a2\" data-element_type=\"container\" data-e-type=\"container\" data-settings=\"{&quot;background_background&quot;:&quot;classic&quot;}\">\n\t\t\t\t\t<div class=\"e-con-inner\">\n\t\t\t\t<div class=\"elementor-element elementor-element-59d2a20 elementor-widget__width-inherit elementor-widget elementor-widget-heading\" data-id=\"59d2a20\" data-element_type=\"widget\" data-e-type=\"widget\" data-widget_type=\"heading.default\">\n\t\t\t\t<div class=\"elementor-widget-container\">\n\t\t\t\t\t<h1 class=\"elementor-heading-title elementor-size-default\">\u00d6FFENTLICHE BEIHILFEN<\/h1>\t\t\t\t<\/div>\n\t\t\t\t<\/div>\n\t\t\t\t\t<\/div>\n\t\t\t\t<\/div>\n\t\t<div class=\"elementor-element elementor-element-5836939 e-flex e-con-boxed e-con e-parent\" data-id=\"5836939\" data-element_type=\"container\" data-e-type=\"container\">\n\t\t\t\t\t<div class=\"e-con-inner\">\n\t\t\t\t<div class=\"elementor-element elementor-element-61d7ff8 elementor-widget elementor-widget-text-editor\" data-id=\"61d7ff8\" data-element_type=\"widget\" data-e-type=\"widget\" data-widget_type=\"text-editor.default\">\n\t\t\t\t<div class=\"elementor-widget-container\">\n\t\t\t\t\t\t\t\t\t<p>Bei Gabitel setzen wir uns f\u00fcr Innovation, Nachhaltigkeit und technologische Entwicklung als Grundpfeiler unserer T\u00e4tigkeit ein. Auf diesem Weg haben wir uns von verschiedenen \u00f6ffentlichen Verwaltungen unterst\u00fctzen lassen, die strategische Projekte durch Finanzierungsprogramme und F\u00f6rdermittel unterst\u00fctzt haben. <\/p><p>In diesem Abschnitt kommen wir unserer Verpflichtung zur Transparenz nach, indem wir unseren Kunden, Mitarbeitern und Interessengruppen detaillierte Informationen \u00fcber die \u00f6ffentlichen Beihilfen zur Verf\u00fcgung stellen, die wir erhalten haben, um unsere Gesch\u00e4ftsbereiche zu st\u00e4rken, unsere Wettbewerbsf\u00e4higkeit zu verbessern und nachhaltiges Wachstum zu f\u00f6rdern.<\/p>\t\t\t\t\t\t\t\t<\/div>\n\t\t\t\t<\/div>\n\t\t\t\t\t<\/div>\n\t\t\t\t<\/div>\n\t\t<div class=\"elementor-element elementor-element-7834c7d e-flex e-con-boxed e-con e-parent\" data-id=\"7834c7d\" data-element_type=\"container\" data-e-type=\"container\">\n\t\t\t\t\t<div class=\"e-con-inner\">\n\t\t\t\t<div class=\"elementor-element elementor-element-6e28bf0 elementor-widget-divider--view-line elementor-widget elementor-widget-divider\" data-id=\"6e28bf0\" data-element_type=\"widget\" data-e-type=\"widget\" data-widget_type=\"divider.default\">\n\t\t\t\t<div class=\"elementor-widget-container\">\n\t\t\t\t\t\t\t<div class=\"elementor-divider\">\n\t\t\t<span class=\"elementor-divider-separator\">\n\t\t\t\t\t\t<\/span>\n\t\t<\/div>\n\t\t\t\t\t\t<\/div>\n\t\t\t\t<\/div>\n\t\t\t\t\t<\/div>\n\t\t\t\t<\/div>\n\t\t<div class=\"elementor-element elementor-element-b091749 e-flex e-con-boxed e-con e-parent\" data-id=\"b091749\" data-element_type=\"container\" data-e-type=\"container\">\n\t\t\t\t\t<div class=\"e-con-inner\">\n\t\t<div class=\"elementor-element elementor-element-0c49964 e-con-full e-flex e-con e-child\" data-id=\"0c49964\" data-element_type=\"container\" data-e-type=\"container\">\n\t\t<div class=\"elementor-element elementor-element-6650ea3 e-con-full e-flex e-con e-child\" data-id=\"6650ea3\" data-element_type=\"container\" data-e-type=\"container\">\n\t\t\t\t<div class=\"elementor-element elementor-element-e71eebc elementor-widget elementor-widget-text-editor\" data-id=\"e71eebc\" data-element_type=\"widget\" data-e-type=\"widget\" data-widget_type=\"text-editor.default\">\n\t\t\t\t<div class=\"elementor-widget-container\">\n\t\t\t\t\t\t\t\t\t<p><strong>GABITEL SOLUCIONES T\u00c9CNICAS<\/strong> ist Beg\u00fcnstigter des Europ\u00e4ischen Fonds f\u00fcr regionale Entwicklung, dessen Ziel es ist, die technologische Entwicklung, Innovation und Qualit\u00e4tsforschung zu f\u00f6rdern, und hat dank dessen im Jahr 2024 ein Aktionsplan mit dem Ziel auf den Weg gebracht, die Wettbewerbsf\u00e4higkeit der Unternehmen zu verbessern, die durch die Innovation von KMU unterst\u00fctzt werden. Zu diesem Zweck wurde es vom <strong>Pyme Innova-Programm der Handelskammer von Huelva<\/strong> unterst\u00fctzt.  #EuropaSeSiente<\/p>\t\t\t\t\t\t\t\t<\/div>\n\t\t\t\t<\/div>\n\t\t\t\t<\/div>\n\t\t<div class=\"elementor-element elementor-element-d80e158 e-con-full e-flex e-con e-child\" data-id=\"d80e158\" data-element_type=\"container\" data-e-type=\"container\">\n\t\t\t\t<div class=\"elementor-element elementor-element-652ba16 elementor-widget elementor-widget-image\" data-id=\"652ba16\" data-element_type=\"widget\" data-e-type=\"widget\" data-widget_type=\"image.default\">\n\t\t\t\t<div class=\"elementor-widget-container\">\n\t\t\t\t\t\t\t\t\t\t\t\t\t\t\t<img decoding=\"async\" width=\"300\" height=\"73\" src=\"https:\/\/gabitel.net\/wp-content\/uploads\/2025\/06\/fondo-europeo-300x73.png\" class=\"attachment-medium size-medium wp-image-31749\" alt=\"fondo europeo\" srcset=\"https:\/\/gabitel.net\/wp-content\/uploads\/2025\/06\/fondo-europeo-300x73.png 300w, https:\/\/gabitel.net\/wp-content\/uploads\/2025\/06\/fondo-europeo-1024x248.png 1024w, https:\/\/gabitel.net\/wp-content\/uploads\/2025\/06\/fondo-europeo-768x186.png 768w, https:\/\/gabitel.net\/wp-content\/uploads\/2025\/06\/fondo-europeo-1536x371.png 1536w, https:\/\/gabitel.net\/wp-content\/uploads\/2025\/06\/fondo-europeo-2048x495.png 2048w\" sizes=\"(max-width: 300px) 100vw, 300px\" \/>\t\t\t\t\t\t\t\t\t\t\t\t\t\t\t<\/div>\n\t\t\t\t<\/div>\n\t\t\t\t<div class=\"elementor-element elementor-element-ab4142c elementor-widget elementor-widget-image\" data-id=\"ab4142c\" data-element_type=\"widget\" data-e-type=\"widget\" data-widget_type=\"image.default\">\n\t\t\t\t<div class=\"elementor-widget-container\">\n\t\t\t\t\t\t\t\t\t\t\t\t\t\t\t<img decoding=\"async\" width=\"300\" height=\"115\" src=\"https:\/\/gabitel.net\/wp-content\/uploads\/2025\/06\/ministerio-de-hacienda-300x115.png\" class=\"attachment-medium size-medium wp-image-31750\" alt=\"ministerio de hacienda\" srcset=\"https:\/\/gabitel.net\/wp-content\/uploads\/2025\/06\/ministerio-de-hacienda-300x115.png 300w, https:\/\/gabitel.net\/wp-content\/uploads\/2025\/06\/ministerio-de-hacienda.png 724w\" sizes=\"(max-width: 300px) 100vw, 300px\" \/>\t\t\t\t\t\t\t\t\t\t\t\t\t\t\t<\/div>\n\t\t\t\t<\/div>\n\t\t\t\t<div class=\"elementor-element elementor-element-fe87841 elementor-widget elementor-widget-image\" data-id=\"fe87841\" data-element_type=\"widget\" data-e-type=\"widget\" data-widget_type=\"image.default\">\n\t\t\t\t<div class=\"elementor-widget-container\">\n\t\t\t\t\t\t\t\t\t\t\t\t\t\t\t<img decoding=\"async\" width=\"300\" height=\"63\" src=\"https:\/\/gabitel.net\/wp-content\/uploads\/2025\/06\/fondos-europeos-300x63.png\" class=\"attachment-medium size-medium wp-image-31751\" alt=\"\" srcset=\"https:\/\/gabitel.net\/wp-content\/uploads\/2025\/06\/fondos-europeos-300x63.png 300w, https:\/\/gabitel.net\/wp-content\/uploads\/2025\/06\/fondos-europeos-1024x216.png 1024w, https:\/\/gabitel.net\/wp-content\/uploads\/2025\/06\/fondos-europeos-768x162.png 768w, https:\/\/gabitel.net\/wp-content\/uploads\/2025\/06\/fondos-europeos-1536x323.png 1536w, https:\/\/gabitel.net\/wp-content\/uploads\/2025\/06\/fondos-europeos-2048x431.png 2048w\" sizes=\"(max-width: 300px) 100vw, 300px\" \/>\t\t\t\t\t\t\t\t\t\t\t\t\t\t\t<\/div>\n\t\t\t\t<\/div>\n\t\t\t\t<div class=\"elementor-element elementor-element-315d594 elementor-widget elementor-widget-image\" data-id=\"315d594\" data-element_type=\"widget\" data-e-type=\"widget\" data-widget_type=\"image.default\">\n\t\t\t\t<div class=\"elementor-widget-container\">\n\t\t\t\t\t\t\t\t\t\t\t\t\t\t\t<img loading=\"lazy\" decoding=\"async\" width=\"300\" height=\"79\" src=\"https:\/\/gabitel.net\/wp-content\/uploads\/2025\/06\/camara-comercio-espana-300x79.png\" class=\"attachment-medium size-medium wp-image-31752\" alt=\"camara comercio espa\u00f1a\" srcset=\"https:\/\/gabitel.net\/wp-content\/uploads\/2025\/06\/camara-comercio-espana-300x79.png 300w, https:\/\/gabitel.net\/wp-content\/uploads\/2025\/06\/camara-comercio-espana.png 574w\" sizes=\"(max-width: 300px) 100vw, 300px\" \/>\t\t\t\t\t\t\t\t\t\t\t\t\t\t\t<\/div>\n\t\t\t\t<\/div>\n\t\t\t\t<\/div>\n\t\t\t\t<\/div>\n\t\t\t\t<div class=\"elementor-element elementor-element-519a1db elementor-widget-divider--view-line elementor-widget elementor-widget-divider\" data-id=\"519a1db\" data-element_type=\"widget\" data-e-type=\"widget\" data-widget_type=\"divider.default\">\n\t\t\t\t<div class=\"elementor-widget-container\">\n\t\t\t\t\t\t\t<div class=\"elementor-divider\">\n\t\t\t<span class=\"elementor-divider-separator\">\n\t\t\t\t\t\t<\/span>\n\t\t<\/div>\n\t\t\t\t\t\t<\/div>\n\t\t\t\t<\/div>\n\t\t<div class=\"elementor-element elementor-element-c288a69 e-con-full e-flex e-con e-child\" data-id=\"c288a69\" data-element_type=\"container\" data-e-type=\"container\">\n\t\t<div class=\"elementor-element elementor-element-2379e34 e-con-full e-flex e-con e-child\" data-id=\"2379e34\" data-element_type=\"container\" data-e-type=\"container\">\n\t\t\t\t<div class=\"elementor-element elementor-element-a234ce8 elementor-widget elementor-widget-text-editor\" data-id=\"a234ce8\" data-element_type=\"widget\" data-e-type=\"widget\" data-widget_type=\"text-editor.default\">\n\t\t\t\t<div class=\"elementor-widget-container\">\n\t\t\t\t\t\t\t\t\t<p><strong>GABITEL SOLUCIONES T\u00c9CNICAS<\/strong> ist Beg\u00fcnstigter des Europ\u00e4ischen Fonds f\u00fcr regionale Entwicklung, dessen Ziel es ist, das nachhaltige Wachstum und die Wettbewerbsf\u00e4higkeit von KMU zu st\u00e4rken, und dank dessen sie im Jahr 2024 einen Aktionsplan mit dem Ziel zur St\u00e4rkung des nachhaltigen Wachstums und der Wettbewerbsf\u00e4higkeit von KMU auf den Weg gebracht hat. Zu diesem Zweck wurde sie vom <strong>Sustainable SME Program der Handelskammer von Huelva<\/strong> unterst\u00fctzt.  #EuropaSeSiente<\/p>\t\t\t\t\t\t\t\t<\/div>\n\t\t\t\t<\/div>\n\t\t\t\t<\/div>\n\t\t<div class=\"elementor-element elementor-element-a155e04 e-con-full e-flex e-con e-child\" data-id=\"a155e04\" data-element_type=\"container\" data-e-type=\"container\">\n\t\t\t\t<div class=\"elementor-element elementor-element-1344722 elementor-widget elementor-widget-image\" data-id=\"1344722\" data-element_type=\"widget\" data-e-type=\"widget\" data-widget_type=\"image.default\">\n\t\t\t\t<div class=\"elementor-widget-container\">\n\t\t\t\t\t\t\t\t\t\t\t\t\t\t\t<img decoding=\"async\" width=\"300\" height=\"73\" src=\"https:\/\/gabitel.net\/wp-content\/uploads\/2025\/06\/fondo-europeo-300x73.png\" class=\"attachment-medium size-medium wp-image-31749\" alt=\"fondo europeo\" srcset=\"https:\/\/gabitel.net\/wp-content\/uploads\/2025\/06\/fondo-europeo-300x73.png 300w, https:\/\/gabitel.net\/wp-content\/uploads\/2025\/06\/fondo-europeo-1024x248.png 1024w, https:\/\/gabitel.net\/wp-content\/uploads\/2025\/06\/fondo-europeo-768x186.png 768w, https:\/\/gabitel.net\/wp-content\/uploads\/2025\/06\/fondo-europeo-1536x371.png 1536w, https:\/\/gabitel.net\/wp-content\/uploads\/2025\/06\/fondo-europeo-2048x495.png 2048w\" sizes=\"(max-width: 300px) 100vw, 300px\" \/>\t\t\t\t\t\t\t\t\t\t\t\t\t\t\t<\/div>\n\t\t\t\t<\/div>\n\t\t\t\t<div class=\"elementor-element elementor-element-97384e4 elementor-widget elementor-widget-image\" data-id=\"97384e4\" data-element_type=\"widget\" data-e-type=\"widget\" data-widget_type=\"image.default\">\n\t\t\t\t<div class=\"elementor-widget-container\">\n\t\t\t\t\t\t\t\t\t\t\t\t\t\t\t<img decoding=\"async\" width=\"300\" height=\"115\" src=\"https:\/\/gabitel.net\/wp-content\/uploads\/2025\/06\/ministerio-de-hacienda-300x115.png\" class=\"attachment-medium size-medium wp-image-31750\" alt=\"ministerio de hacienda\" srcset=\"https:\/\/gabitel.net\/wp-content\/uploads\/2025\/06\/ministerio-de-hacienda-300x115.png 300w, https:\/\/gabitel.net\/wp-content\/uploads\/2025\/06\/ministerio-de-hacienda.png 724w\" sizes=\"(max-width: 300px) 100vw, 300px\" \/>\t\t\t\t\t\t\t\t\t\t\t\t\t\t\t<\/div>\n\t\t\t\t<\/div>\n\t\t\t\t<div class=\"elementor-element elementor-element-49a9339 elementor-widget elementor-widget-image\" data-id=\"49a9339\" data-element_type=\"widget\" data-e-type=\"widget\" data-widget_type=\"image.default\">\n\t\t\t\t<div class=\"elementor-widget-container\">\n\t\t\t\t\t\t\t\t\t\t\t\t\t\t\t<img decoding=\"async\" width=\"300\" height=\"63\" src=\"https:\/\/gabitel.net\/wp-content\/uploads\/2025\/06\/fondos-europeos-300x63.png\" class=\"attachment-medium size-medium wp-image-31751\" alt=\"\" srcset=\"https:\/\/gabitel.net\/wp-content\/uploads\/2025\/06\/fondos-europeos-300x63.png 300w, https:\/\/gabitel.net\/wp-content\/uploads\/2025\/06\/fondos-europeos-1024x216.png 1024w, https:\/\/gabitel.net\/wp-content\/uploads\/2025\/06\/fondos-europeos-768x162.png 768w, https:\/\/gabitel.net\/wp-content\/uploads\/2025\/06\/fondos-europeos-1536x323.png 1536w, https:\/\/gabitel.net\/wp-content\/uploads\/2025\/06\/fondos-europeos-2048x431.png 2048w\" sizes=\"(max-width: 300px) 100vw, 300px\" \/>\t\t\t\t\t\t\t\t\t\t\t\t\t\t\t<\/div>\n\t\t\t\t<\/div>\n\t\t\t\t<div class=\"elementor-element elementor-element-a7dadef elementor-widget elementor-widget-image\" data-id=\"a7dadef\" data-element_type=\"widget\" data-e-type=\"widget\" data-widget_type=\"image.default\">\n\t\t\t\t<div class=\"elementor-widget-container\">\n\t\t\t\t\t\t\t\t\t\t\t\t\t\t\t<img loading=\"lazy\" decoding=\"async\" width=\"300\" height=\"79\" src=\"https:\/\/gabitel.net\/wp-content\/uploads\/2025\/06\/camara-comercio-espana-300x79.png\" class=\"attachment-medium size-medium wp-image-31752\" alt=\"camara comercio espa\u00f1a\" srcset=\"https:\/\/gabitel.net\/wp-content\/uploads\/2025\/06\/camara-comercio-espana-300x79.png 300w, https:\/\/gabitel.net\/wp-content\/uploads\/2025\/06\/camara-comercio-espana.png 574w\" sizes=\"(max-width: 300px) 100vw, 300px\" \/>\t\t\t\t\t\t\t\t\t\t\t\t\t\t\t<\/div>\n\t\t\t\t<\/div>\n\t\t\t\t<\/div>\n\t\t\t\t<\/div>\n\t\t\t\t<div class=\"elementor-element elementor-element-77057d6 elementor-widget-divider--view-line elementor-widget elementor-widget-divider\" data-id=\"77057d6\" data-element_type=\"widget\" data-e-type=\"widget\" data-widget_type=\"divider.default\">\n\t\t\t\t<div class=\"elementor-widget-container\">\n\t\t\t\t\t\t\t<div class=\"elementor-divider\">\n\t\t\t<span class=\"elementor-divider-separator\">\n\t\t\t\t\t\t<\/span>\n\t\t<\/div>\n\t\t\t\t\t\t<\/div>\n\t\t\t\t<\/div>\n\t\t<div class=\"elementor-element elementor-element-37b3988 e-con-full e-flex e-con e-child\" data-id=\"37b3988\" data-element_type=\"container\" data-e-type=\"container\">\n\t\t<div class=\"elementor-element elementor-element-e6e0760 e-con-full e-flex e-con e-child\" data-id=\"e6e0760\" data-element_type=\"container\" data-e-type=\"container\">\n\t\t\t\t<div class=\"elementor-element elementor-element-83e6aca elementor-widget elementor-widget-text-editor\" data-id=\"83e6aca\" data-element_type=\"widget\" data-e-type=\"widget\" data-widget_type=\"text-editor.default\">\n\t\t\t\t<div class=\"elementor-widget-container\">\n\t\t\t\t\t\t\t\t\t<p><strong>GABITEL SOLUCIONES T\u00c9CNICAS<\/strong> ist Beg\u00fcnstigter des Europ\u00e4ischen Fonds f\u00fcr regionale Entwicklung, dessen Ziel es ist, die Wettbewerbsf\u00e4higkeit von KMU zu verbessern, und dank dessen es einen Aktionsplan mit dem Ziel gestartet hat, die Digitalisierung und Wettbewerbsf\u00e4higkeit von KMU im Jahr 2024 zu st\u00e4rken. Zu diesem Zweck wurde es vom <strong>Digital SME Program der Handelskammer von Huelva<\/strong> unterst\u00fctzt.  #EuropaSeSiente<\/p>\t\t\t\t\t\t\t\t<\/div>\n\t\t\t\t<\/div>\n\t\t\t\t<\/div>\n\t\t<div class=\"elementor-element elementor-element-eb9fd51 e-con-full e-flex e-con e-child\" data-id=\"eb9fd51\" data-element_type=\"container\" data-e-type=\"container\">\n\t\t\t\t<div class=\"elementor-element elementor-element-f6624f3 elementor-widget elementor-widget-image\" data-id=\"f6624f3\" data-element_type=\"widget\" data-e-type=\"widget\" data-widget_type=\"image.default\">\n\t\t\t\t<div class=\"elementor-widget-container\">\n\t\t\t\t\t\t\t\t\t\t\t\t\t\t\t<img decoding=\"async\" width=\"300\" height=\"73\" src=\"https:\/\/gabitel.net\/wp-content\/uploads\/2025\/06\/fondo-europeo-300x73.png\" class=\"attachment-medium size-medium wp-image-31749\" alt=\"fondo europeo\" srcset=\"https:\/\/gabitel.net\/wp-content\/uploads\/2025\/06\/fondo-europeo-300x73.png 300w, https:\/\/gabitel.net\/wp-content\/uploads\/2025\/06\/fondo-europeo-1024x248.png 1024w, https:\/\/gabitel.net\/wp-content\/uploads\/2025\/06\/fondo-europeo-768x186.png 768w, https:\/\/gabitel.net\/wp-content\/uploads\/2025\/06\/fondo-europeo-1536x371.png 1536w, https:\/\/gabitel.net\/wp-content\/uploads\/2025\/06\/fondo-europeo-2048x495.png 2048w\" sizes=\"(max-width: 300px) 100vw, 300px\" \/>\t\t\t\t\t\t\t\t\t\t\t\t\t\t\t<\/div>\n\t\t\t\t<\/div>\n\t\t\t\t<div class=\"elementor-element elementor-element-1c87da0 elementor-widget elementor-widget-image\" data-id=\"1c87da0\" data-element_type=\"widget\" data-e-type=\"widget\" data-widget_type=\"image.default\">\n\t\t\t\t<div class=\"elementor-widget-container\">\n\t\t\t\t\t\t\t\t\t\t\t\t\t\t\t<img decoding=\"async\" width=\"300\" height=\"115\" src=\"https:\/\/gabitel.net\/wp-content\/uploads\/2025\/06\/ministerio-de-hacienda-300x115.png\" class=\"attachment-medium size-medium wp-image-31750\" alt=\"ministerio de hacienda\" srcset=\"https:\/\/gabitel.net\/wp-content\/uploads\/2025\/06\/ministerio-de-hacienda-300x115.png 300w, https:\/\/gabitel.net\/wp-content\/uploads\/2025\/06\/ministerio-de-hacienda.png 724w\" sizes=\"(max-width: 300px) 100vw, 300px\" \/>\t\t\t\t\t\t\t\t\t\t\t\t\t\t\t<\/div>\n\t\t\t\t<\/div>\n\t\t\t\t<div class=\"elementor-element elementor-element-3c6cc5a elementor-widget elementor-widget-image\" data-id=\"3c6cc5a\" data-element_type=\"widget\" data-e-type=\"widget\" data-widget_type=\"image.default\">\n\t\t\t\t<div class=\"elementor-widget-container\">\n\t\t\t\t\t\t\t\t\t\t\t\t\t\t\t<img decoding=\"async\" width=\"300\" height=\"63\" src=\"https:\/\/gabitel.net\/wp-content\/uploads\/2025\/06\/fondos-europeos-300x63.png\" class=\"attachment-medium size-medium wp-image-31751\" alt=\"\" srcset=\"https:\/\/gabitel.net\/wp-content\/uploads\/2025\/06\/fondos-europeos-300x63.png 300w, https:\/\/gabitel.net\/wp-content\/uploads\/2025\/06\/fondos-europeos-1024x216.png 1024w, https:\/\/gabitel.net\/wp-content\/uploads\/2025\/06\/fondos-europeos-768x162.png 768w, https:\/\/gabitel.net\/wp-content\/uploads\/2025\/06\/fondos-europeos-1536x323.png 1536w, https:\/\/gabitel.net\/wp-content\/uploads\/2025\/06\/fondos-europeos-2048x431.png 2048w\" sizes=\"(max-width: 300px) 100vw, 300px\" \/>\t\t\t\t\t\t\t\t\t\t\t\t\t\t\t<\/div>\n\t\t\t\t<\/div>\n\t\t\t\t<div class=\"elementor-element elementor-element-bc97093 elementor-widget elementor-widget-image\" data-id=\"bc97093\" data-element_type=\"widget\" data-e-type=\"widget\" data-widget_type=\"image.default\">\n\t\t\t\t<div class=\"elementor-widget-container\">\n\t\t\t\t\t\t\t\t\t\t\t\t\t\t\t<img loading=\"lazy\" decoding=\"async\" width=\"300\" height=\"79\" src=\"https:\/\/gabitel.net\/wp-content\/uploads\/2025\/06\/camara-comercio-espana-300x79.png\" class=\"attachment-medium size-medium wp-image-31752\" alt=\"camara comercio espa\u00f1a\" srcset=\"https:\/\/gabitel.net\/wp-content\/uploads\/2025\/06\/camara-comercio-espana-300x79.png 300w, https:\/\/gabitel.net\/wp-content\/uploads\/2025\/06\/camara-comercio-espana.png 574w\" sizes=\"(max-width: 300px) 100vw, 300px\" \/>\t\t\t\t\t\t\t\t\t\t\t\t\t\t\t<\/div>\n\t\t\t\t<\/div>\n\t\t\t\t<\/div>\n\t\t\t\t<\/div>\n\t\t\t\t<div class=\"elementor-element elementor-element-5372868 elementor-widget-divider--view-line elementor-widget elementor-widget-divider\" data-id=\"5372868\" data-element_type=\"widget\" data-e-type=\"widget\" data-widget_type=\"divider.default\">\n\t\t\t\t<div class=\"elementor-widget-container\">\n\t\t\t\t\t\t\t<div class=\"elementor-divider\">\n\t\t\t<span class=\"elementor-divider-separator\">\n\t\t\t\t\t\t<\/span>\n\t\t<\/div>\n\t\t\t\t\t\t<\/div>\n\t\t\t\t<\/div>\n\t\t<div class=\"elementor-element elementor-element-dbc1f6e e-con-full e-flex e-con e-child\" data-id=\"dbc1f6e\" data-element_type=\"container\" data-e-type=\"container\">\n\t\t<div class=\"elementor-element elementor-element-f144b07 e-con-full e-flex e-con e-child\" data-id=\"f144b07\" data-element_type=\"container\" data-e-type=\"container\">\n\t\t\t\t<div class=\"elementor-element elementor-element-1abcf66 elementor-widget elementor-widget-text-editor\" data-id=\"1abcf66\" data-element_type=\"widget\" data-e-type=\"widget\" data-widget_type=\"text-editor.default\">\n\t\t\t\t<div class=\"elementor-widget-container\">\n\t\t\t\t\t\t\t\t\t<p><strong>GABITEL SOLUCIONES T\u00c9CNICAS<\/strong> ist Beg\u00fcnstigter des Europ\u00e4ischen Fonds, dessen Ziel es ist, die Wettbewerbsf\u00e4higkeit von KMU zu verbessern, und dank dessen sie einen Aktionsplan auf den Weg gebracht hat, der darauf abzielt, die sichere und zuverl\u00e4ssige Nutzung des Cyberspace und die Wettbewerbsf\u00e4higkeit von KMU im Jahr 2024 zu f\u00f6rdern. Zu diesem Zweck wurde das Unternehmen vom <strong>Cybersecure SME Program der Handelskammer von Huelva<\/strong> unterst\u00fctzt.  #EuropaSeSiente<\/p>\t\t\t\t\t\t\t\t<\/div>\n\t\t\t\t<\/div>\n\t\t\t\t<\/div>\n\t\t<div class=\"elementor-element elementor-element-77422f3 e-con-full e-flex e-con e-child\" data-id=\"77422f3\" data-element_type=\"container\" data-e-type=\"container\">\n\t\t\t\t<div class=\"elementor-element elementor-element-9a7b3de elementor-widget elementor-widget-image\" data-id=\"9a7b3de\" data-element_type=\"widget\" data-e-type=\"widget\" data-widget_type=\"image.default\">\n\t\t\t\t<div class=\"elementor-widget-container\">\n\t\t\t\t\t\t\t\t\t\t\t\t\t\t\t<img decoding=\"async\" width=\"300\" height=\"73\" src=\"https:\/\/gabitel.net\/wp-content\/uploads\/2025\/06\/fondo-europeo-300x73.png\" class=\"attachment-medium size-medium wp-image-31749\" alt=\"fondo europeo\" srcset=\"https:\/\/gabitel.net\/wp-content\/uploads\/2025\/06\/fondo-europeo-300x73.png 300w, https:\/\/gabitel.net\/wp-content\/uploads\/2025\/06\/fondo-europeo-1024x248.png 1024w, https:\/\/gabitel.net\/wp-content\/uploads\/2025\/06\/fondo-europeo-768x186.png 768w, https:\/\/gabitel.net\/wp-content\/uploads\/2025\/06\/fondo-europeo-1536x371.png 1536w, https:\/\/gabitel.net\/wp-content\/uploads\/2025\/06\/fondo-europeo-2048x495.png 2048w\" sizes=\"(max-width: 300px) 100vw, 300px\" \/>\t\t\t\t\t\t\t\t\t\t\t\t\t\t\t<\/div>\n\t\t\t\t<\/div>\n\t\t\t\t<div class=\"elementor-element elementor-element-ca89564 elementor-widget elementor-widget-image\" data-id=\"ca89564\" data-element_type=\"widget\" data-e-type=\"widget\" data-widget_type=\"image.default\">\n\t\t\t\t<div class=\"elementor-widget-container\">\n\t\t\t\t\t\t\t\t\t\t\t\t\t\t\t<img decoding=\"async\" width=\"300\" height=\"115\" src=\"https:\/\/gabitel.net\/wp-content\/uploads\/2025\/06\/ministerio-de-hacienda-300x115.png\" class=\"attachment-medium size-medium wp-image-31750\" alt=\"ministerio de hacienda\" srcset=\"https:\/\/gabitel.net\/wp-content\/uploads\/2025\/06\/ministerio-de-hacienda-300x115.png 300w, https:\/\/gabitel.net\/wp-content\/uploads\/2025\/06\/ministerio-de-hacienda.png 724w\" sizes=\"(max-width: 300px) 100vw, 300px\" \/>\t\t\t\t\t\t\t\t\t\t\t\t\t\t\t<\/div>\n\t\t\t\t<\/div>\n\t\t\t\t<div class=\"elementor-element elementor-element-873033a elementor-widget elementor-widget-image\" data-id=\"873033a\" data-element_type=\"widget\" data-e-type=\"widget\" data-widget_type=\"image.default\">\n\t\t\t\t<div class=\"elementor-widget-container\">\n\t\t\t\t\t\t\t\t\t\t\t\t\t\t\t<img decoding=\"async\" width=\"300\" height=\"63\" src=\"https:\/\/gabitel.net\/wp-content\/uploads\/2025\/06\/fondos-europeos-300x63.png\" class=\"attachment-medium size-medium wp-image-31751\" alt=\"\" srcset=\"https:\/\/gabitel.net\/wp-content\/uploads\/2025\/06\/fondos-europeos-300x63.png 300w, https:\/\/gabitel.net\/wp-content\/uploads\/2025\/06\/fondos-europeos-1024x216.png 1024w, https:\/\/gabitel.net\/wp-content\/uploads\/2025\/06\/fondos-europeos-768x162.png 768w, https:\/\/gabitel.net\/wp-content\/uploads\/2025\/06\/fondos-europeos-1536x323.png 1536w, https:\/\/gabitel.net\/wp-content\/uploads\/2025\/06\/fondos-europeos-2048x431.png 2048w\" sizes=\"(max-width: 300px) 100vw, 300px\" \/>\t\t\t\t\t\t\t\t\t\t\t\t\t\t\t<\/div>\n\t\t\t\t<\/div>\n\t\t\t\t<div class=\"elementor-element elementor-element-7b0a806 elementor-widget elementor-widget-image\" data-id=\"7b0a806\" data-element_type=\"widget\" data-e-type=\"widget\" data-widget_type=\"image.default\">\n\t\t\t\t<div class=\"elementor-widget-container\">\n\t\t\t\t\t\t\t\t\t\t\t\t\t\t\t<img loading=\"lazy\" decoding=\"async\" width=\"300\" height=\"79\" src=\"https:\/\/gabitel.net\/wp-content\/uploads\/2025\/06\/camara-comercio-espana-300x79.png\" class=\"attachment-medium size-medium wp-image-31752\" alt=\"camara comercio espa\u00f1a\" srcset=\"https:\/\/gabitel.net\/wp-content\/uploads\/2025\/06\/camara-comercio-espana-300x79.png 300w, https:\/\/gabitel.net\/wp-content\/uploads\/2025\/06\/camara-comercio-espana.png 574w\" sizes=\"(max-width: 300px) 100vw, 300px\" \/>\t\t\t\t\t\t\t\t\t\t\t\t\t\t\t<\/div>\n\t\t\t\t<\/div>\n\t\t\t\t<\/div>\n\t\t\t\t<\/div>\n\t\t\t\t\t<\/div>\n\t\t\t\t<\/div>\n\t\t\t\t<\/div>\n\t\t","protected":false},"excerpt":{"rendered":"<p>\u00d6FFENTLICHE BEIHILFEN Bei Gabitel setzen wir uns f\u00fcr Innovation, Nachhaltigkeit und technologische Entwicklung als Grundpfeiler unserer T\u00e4tigkeit ein. Auf diesem Weg haben wir uns von verschiedenen \u00f6ffentlichen Verwaltungen unterst\u00fctzen lassen, die strategische Projekte durch Finanzierungsprogramme und F\u00f6rdermittel unterst\u00fctzt haben. In diesem Abschnitt kommen wir unserer Verpflichtung zur Transparenz nach, indem wir unseren Kunden, Mitarbeitern und [&hellip;]<\/p>\n","protected":false},"author":2,"featured_media":0,"parent":0,"menu_order":0,"comment_status":"closed","ping_status":"closed","template":"","meta":{"content-type":"","footnotes":""},"class_list":["post-31748","page","type-page","status-publish","hentry"],"yoast_head":"<!-- This site is optimized with the Yoast SEO plugin v27.5 - https:\/\/yoast.com\/product\/yoast-seo-wordpress\/ -->\n<title>\u00d6ffentliche Beihilfen - Gabitel<\/title>\n<meta name=\"description\" content=\"Gabitel in Huelva und Sevilla bietet FTTH Telecommunications Engineering an: Design, Implementierung und Beratung mit nationaler und internationaler Reichweite.\" \/>\n<meta name=\"robots\" content=\"index, follow, max-snippet:-1, max-image-preview:large, max-video-preview:-1\" \/>\n<link rel=\"canonical\" href=\"https:\/\/gabitel.net\/de\/ayudas-publicas\/\" \/>\n<meta property=\"og:locale\" content=\"de_DE\" \/>\n<meta property=\"og:type\" content=\"article\" \/>\n<meta property=\"og:title\" content=\"\u00d6ffentliche Beihilfen - Gabitel\" \/>\n<meta property=\"og:description\" content=\"Gabitel in Huelva und Sevilla bietet FTTH Telecommunications Engineering an: Design, Implementierung und Beratung mit nationaler und internationaler Reichweite.\" \/>\n<meta property=\"og:url\" content=\"https:\/\/gabitel.net\/de\/ayudas-publicas\/\" \/>\n<meta property=\"og:site_name\" content=\"Gabitel\" \/>\n<meta property=\"article:publisher\" content=\"https:\/\/www.facebook.com\/gabitelingenieros\/\" \/>\n<meta property=\"article:modified_time\" content=\"2025-06-25T06:25:01+00:00\" \/>\n<meta property=\"og:image\" content=\"https:\/\/gabitel.net\/wp-content\/uploads\/2025\/06\/fondo-europeo-300x73.png\" \/>\n<meta name=\"twitter:card\" content=\"summary_large_image\" \/>\n<meta name=\"twitter:label1\" content=\"Gesch\u00e4tzte Lesezeit\" \/>\n\t<meta name=\"twitter:data1\" content=\"2\u00a0Minuten\" \/>\n<script type=\"application\/ld+json\" class=\"yoast-schema-graph\">{\"@context\":\"https:\\\/\\\/schema.org\",\"@graph\":[{\"@type\":\"WebPage\",\"@id\":\"https:\\\/\\\/gabitel.net\\\/de\\\/ayudas-publicas\\\/\",\"url\":\"https:\\\/\\\/gabitel.net\\\/de\\\/ayudas-publicas\\\/\",\"name\":\"\u00d6ffentliche Beihilfen - Gabitel\",\"isPartOf\":{\"@id\":\"https:\\\/\\\/gabitel.net\\\/de\\\/#website\"},\"primaryImageOfPage\":{\"@id\":\"https:\\\/\\\/gabitel.net\\\/de\\\/ayudas-publicas\\\/#primaryimage\"},\"image\":{\"@id\":\"https:\\\/\\\/gabitel.net\\\/de\\\/ayudas-publicas\\\/#primaryimage\"},\"thumbnailUrl\":\"https:\\\/\\\/gabitel.net\\\/wp-content\\\/uploads\\\/2025\\\/06\\\/fondo-europeo-300x73.png\",\"datePublished\":\"2025-06-24T06:37:18+00:00\",\"dateModified\":\"2025-06-25T06:25:01+00:00\",\"description\":\"Gabitel in Huelva und Sevilla bietet FTTH Telecommunications Engineering an: Design, Implementierung und Beratung mit nationaler und internationaler Reichweite.\",\"breadcrumb\":{\"@id\":\"https:\\\/\\\/gabitel.net\\\/de\\\/ayudas-publicas\\\/#breadcrumb\"},\"inLanguage\":\"de\",\"potentialAction\":[{\"@type\":\"ReadAction\",\"target\":[\"https:\\\/\\\/gabitel.net\\\/de\\\/ayudas-publicas\\\/\"]}]},{\"@type\":\"ImageObject\",\"inLanguage\":\"de\",\"@id\":\"https:\\\/\\\/gabitel.net\\\/de\\\/ayudas-publicas\\\/#primaryimage\",\"url\":\"https:\\\/\\\/gabitel.net\\\/wp-content\\\/uploads\\\/2025\\\/06\\\/fondo-europeo-300x73.png\",\"contentUrl\":\"https:\\\/\\\/gabitel.net\\\/wp-content\\\/uploads\\\/2025\\\/06\\\/fondo-europeo-300x73.png\"},{\"@type\":\"BreadcrumbList\",\"@id\":\"https:\\\/\\\/gabitel.net\\\/de\\\/ayudas-publicas\\\/#breadcrumb\",\"itemListElement\":[{\"@type\":\"ListItem\",\"position\":1,\"name\":\"Portada\",\"item\":\"https:\\\/\\\/gabitel.net\\\/de\\\/\"},{\"@type\":\"ListItem\",\"position\":2,\"name\":\"\u00d6ffentliche Beihilfen\"}]},{\"@type\":\"WebSite\",\"@id\":\"https:\\\/\\\/gabitel.net\\\/de\\\/#website\",\"url\":\"https:\\\/\\\/gabitel.net\\\/de\\\/\",\"name\":\"Gabitel\",\"description\":\"\",\"publisher\":{\"@id\":\"https:\\\/\\\/gabitel.net\\\/de\\\/#organization\"},\"potentialAction\":[{\"@type\":\"SearchAction\",\"target\":{\"@type\":\"EntryPoint\",\"urlTemplate\":\"https:\\\/\\\/gabitel.net\\\/de\\\/?s={search_term_string}\"},\"query-input\":{\"@type\":\"PropertyValueSpecification\",\"valueRequired\":true,\"valueName\":\"search_term_string\"}}],\"inLanguage\":\"de\"},{\"@type\":\"Organization\",\"@id\":\"https:\\\/\\\/gabitel.net\\\/de\\\/#organization\",\"name\":\"Gabitel\",\"url\":\"https:\\\/\\\/gabitel.net\\\/de\\\/\",\"logo\":{\"@type\":\"ImageObject\",\"inLanguage\":\"de\",\"@id\":\"https:\\\/\\\/gabitel.net\\\/de\\\/#\\\/schema\\\/logo\\\/image\\\/\",\"url\":\"https:\\\/\\\/gabitel.net\\\/wp-content\\\/uploads\\\/2025\\\/05\\\/logo_gabitel.jpg\",\"contentUrl\":\"https:\\\/\\\/gabitel.net\\\/wp-content\\\/uploads\\\/2025\\\/05\\\/logo_gabitel.jpg\",\"width\":2560,\"height\":1330,\"caption\":\"Gabitel\"},\"image\":{\"@id\":\"https:\\\/\\\/gabitel.net\\\/de\\\/#\\\/schema\\\/logo\\\/image\\\/\"},\"sameAs\":[\"https:\\\/\\\/www.facebook.com\\\/gabitelingenieros\\\/\",\"https:\\\/\\\/es.linkedin.com\\\/company\\\/gabitel-ingenieros\"]}]}<\/script>\n<!-- \/ Yoast SEO plugin. -->","yoast_head_json":{"title":"\u00d6ffentliche Beihilfen - Gabitel","description":"Gabitel in Huelva und Sevilla bietet FTTH Telecommunications Engineering an: Design, Implementierung und Beratung mit nationaler und internationaler Reichweite.","robots":{"index":"index","follow":"follow","max-snippet":"max-snippet:-1","max-image-preview":"max-image-preview:large","max-video-preview":"max-video-preview:-1"},"canonical":"https:\/\/gabitel.net\/de\/ayudas-publicas\/","og_locale":"de_DE","og_type":"article","og_title":"\u00d6ffentliche Beihilfen - Gabitel","og_description":"Gabitel in Huelva und Sevilla bietet FTTH Telecommunications Engineering an: Design, Implementierung und Beratung mit nationaler und internationaler Reichweite.","og_url":"https:\/\/gabitel.net\/de\/ayudas-publicas\/","og_site_name":"Gabitel","article_publisher":"https:\/\/www.facebook.com\/gabitelingenieros\/","article_modified_time":"2025-06-25T06:25:01+00:00","og_image":[{"url":"https:\/\/gabitel.net\/wp-content\/uploads\/2025\/06\/fondo-europeo-300x73.png","type":"","width":"","height":""}],"twitter_card":"summary_large_image","twitter_misc":{"Gesch\u00e4tzte Lesezeit":"2\u00a0Minuten"},"schema":{"@context":"https:\/\/schema.org","@graph":[{"@type":"WebPage","@id":"https:\/\/gabitel.net\/de\/ayudas-publicas\/","url":"https:\/\/gabitel.net\/de\/ayudas-publicas\/","name":"\u00d6ffentliche Beihilfen - Gabitel","isPartOf":{"@id":"https:\/\/gabitel.net\/de\/#website"},"primaryImageOfPage":{"@id":"https:\/\/gabitel.net\/de\/ayudas-publicas\/#primaryimage"},"image":{"@id":"https:\/\/gabitel.net\/de\/ayudas-publicas\/#primaryimage"},"thumbnailUrl":"https:\/\/gabitel.net\/wp-content\/uploads\/2025\/06\/fondo-europeo-300x73.png","datePublished":"2025-06-24T06:37:18+00:00","dateModified":"2025-06-25T06:25:01+00:00","description":"Gabitel in Huelva und Sevilla bietet FTTH Telecommunications Engineering an: Design, Implementierung und Beratung mit nationaler und internationaler Reichweite.","breadcrumb":{"@id":"https:\/\/gabitel.net\/de\/ayudas-publicas\/#breadcrumb"},"inLanguage":"de","potentialAction":[{"@type":"ReadAction","target":["https:\/\/gabitel.net\/de\/ayudas-publicas\/"]}]},{"@type":"ImageObject","inLanguage":"de","@id":"https:\/\/gabitel.net\/de\/ayudas-publicas\/#primaryimage","url":"https:\/\/gabitel.net\/wp-content\/uploads\/2025\/06\/fondo-europeo-300x73.png","contentUrl":"https:\/\/gabitel.net\/wp-content\/uploads\/2025\/06\/fondo-europeo-300x73.png"},{"@type":"BreadcrumbList","@id":"https:\/\/gabitel.net\/de\/ayudas-publicas\/#breadcrumb","itemListElement":[{"@type":"ListItem","position":1,"name":"Portada","item":"https:\/\/gabitel.net\/de\/"},{"@type":"ListItem","position":2,"name":"\u00d6ffentliche Beihilfen"}]},{"@type":"WebSite","@id":"https:\/\/gabitel.net\/de\/#website","url":"https:\/\/gabitel.net\/de\/","name":"Gabitel","description":"","publisher":{"@id":"https:\/\/gabitel.net\/de\/#organization"},"potentialAction":[{"@type":"SearchAction","target":{"@type":"EntryPoint","urlTemplate":"https:\/\/gabitel.net\/de\/?s={search_term_string}"},"query-input":{"@type":"PropertyValueSpecification","valueRequired":true,"valueName":"search_term_string"}}],"inLanguage":"de"},{"@type":"Organization","@id":"https:\/\/gabitel.net\/de\/#organization","name":"Gabitel","url":"https:\/\/gabitel.net\/de\/","logo":{"@type":"ImageObject","inLanguage":"de","@id":"https:\/\/gabitel.net\/de\/#\/schema\/logo\/image\/","url":"https:\/\/gabitel.net\/wp-content\/uploads\/2025\/05\/logo_gabitel.jpg","contentUrl":"https:\/\/gabitel.net\/wp-content\/uploads\/2025\/05\/logo_gabitel.jpg","width":2560,"height":1330,"caption":"Gabitel"},"image":{"@id":"https:\/\/gabitel.net\/de\/#\/schema\/logo\/image\/"},"sameAs":["https:\/\/www.facebook.com\/gabitelingenieros\/","https:\/\/es.linkedin.com\/company\/gabitel-ingenieros"]}]}},"_links":{"self":[{"href":"https:\/\/gabitel.net\/de\/wp-json\/wp\/v2\/pages\/31748","targetHints":{"allow":["GET"]}}],"collection":[{"href":"https:\/\/gabitel.net\/de\/wp-json\/wp\/v2\/pages"}],"about":[{"href":"https:\/\/gabitel.net\/de\/wp-json\/wp\/v2\/types\/page"}],"author":[{"embeddable":true,"href":"https:\/\/gabitel.net\/de\/wp-json\/wp\/v2\/users\/2"}],"replies":[{"embeddable":true,"href":"https:\/\/gabitel.net\/de\/wp-json\/wp\/v2\/comments?post=31748"}],"version-history":[{"count":1,"href":"https:\/\/gabitel.net\/de\/wp-json\/wp\/v2\/pages\/31748\/revisions"}],"predecessor-version":[{"id":31758,"href":"https:\/\/gabitel.net\/de\/wp-json\/wp\/v2\/pages\/31748\/revisions\/31758"}],"wp:attachment":[{"href":"https:\/\/gabitel.net\/de\/wp-json\/wp\/v2\/media?parent=31748"}],"curies":[{"name":"wp","href":"https:\/\/api.w.org\/{rel}","templated":true}]}}