{"id":31754,"date":"2025-06-02T08:18:56","date_gmt":"2025-06-02T06:18:56","guid":{"rendered":"https:\/\/gabitel.net\/responsabilidad-social-empresarial-corporativa\/"},"modified":"2025-07-15T08:27:57","modified_gmt":"2025-07-15T06:27:57","slug":"unternehmerische-soziale-verantwortung","status":"publish","type":"page","link":"https:\/\/gabitel.net\/de\/unternehmerische-soziale-verantwortung\/","title":{"rendered":"Soziale Verantwortung von Unternehmen"},"content":{"rendered":"\t\t<div data-elementor-type=\"wp-page\" data-elementor-id=\"31754\" class=\"elementor elementor-31754 elementor-1079\" data-elementor-post-type=\"page\">\n\t\t\t\t<div class=\"elementor-element elementor-element-66669a2 e-flex e-con-boxed e-con e-parent\" data-id=\"66669a2\" data-element_type=\"container\" data-e-type=\"container\" data-settings=\"{&quot;background_background&quot;:&quot;slideshow&quot;,&quot;background_slideshow_gallery&quot;:[{&quot;id&quot;:1062,&quot;url&quot;:&quot;https:\\\/\\\/gabitel.net\\\/wp-content\\\/uploads\\\/2025\\\/05\\\/campo.jpg&quot;},{&quot;id&quot;:1063,&quot;url&quot;:&quot;https:\\\/\\\/gabitel.net\\\/wp-content\\\/uploads\\\/2025\\\/05\\\/fibra.jpg&quot;},{&quot;id&quot;:1064,&quot;url&quot;:&quot;https:\\\/\\\/gabitel.net\\\/wp-content\\\/uploads\\\/2025\\\/05\\\/placas.jpg&quot;}],&quot;background_slideshow_ken_burns&quot;:&quot;yes&quot;,&quot;background_slideshow_loop&quot;:&quot;yes&quot;,&quot;background_slideshow_slide_duration&quot;:5000,&quot;background_slideshow_slide_transition&quot;:&quot;fade&quot;,&quot;background_slideshow_transition_duration&quot;:500,&quot;background_slideshow_ken_burns_zoom_direction&quot;:&quot;in&quot;}\">\n\t\t\t\t\t<div class=\"e-con-inner\">\n\t\t\t\t<div class=\"elementor-element elementor-element-59d2a20 elementor-widget__width-inherit elementor-widget elementor-widget-heading\" data-id=\"59d2a20\" data-element_type=\"widget\" data-e-type=\"widget\" data-widget_type=\"heading.default\">\n\t\t\t\t<div class=\"elementor-widget-container\">\n\t\t\t\t\t<h1 class=\"elementor-heading-title elementor-size-default\">SOZIALE VERANTWORTUNG DES UNTERNEHMENS (CSR)<\/h1>\t\t\t\t<\/div>\n\t\t\t\t<\/div>\n\t\t\t\t\t<\/div>\n\t\t\t\t<\/div>\n\t\t<div class=\"elementor-element elementor-element-6e52a5b e-flex e-con-boxed e-con e-parent\" data-id=\"6e52a5b\" data-element_type=\"container\" data-e-type=\"container\">\n\t\t\t\t\t<div class=\"e-con-inner\">\n\t\t\t\t<div class=\"elementor-element elementor-element-fd3f056 elementor-widget elementor-widget-text-editor\" data-id=\"fd3f056\" data-element_type=\"widget\" data-e-type=\"widget\" data-widget_type=\"text-editor.default\">\n\t\t\t\t<div class=\"elementor-widget-container\">\n\t\t\t\t\t\t\t\t\t<p><strong>GABITEL SOLUCIONES T\u00c9CNICAS<\/strong> strebt eine verantwortungsvolle und engagierte F\u00fchrung an, die durch ihr Handeln eine andere Art des Wirtschaftens vermittelt und dabei nicht nur die eigenen Mitarbeiter, sondern auch Lieferanten, Verwaltungen und Wettbewerber als Mitglieder einer globalen Gesellschaft im Auge beh\u00e4lt und der Gemeinschaft die Notwendigkeit sozialer Verantwortung vermittelt.\nWir wollen eine gleichberechtigtere, verantwortungsvollere und gerechtere Gesellschaft erreichen, in der wir sicherstellen k\u00f6nnen, dass die Bed\u00fcrfnisse aller am t\u00e4glichen Betrieb beteiligten Akteure erf\u00fcllt werden.<\/p>\n<p>Die Gesch\u00e4ftsf\u00fchrung von <strong>GABITEL SOLUCIONES T\u00c9CNICAS<\/strong> ber\u00fccksichtigt nicht nur wirtschaftliche Kriterien, die bei Entscheidungen \u00fcber Aspekte der Arbeitsflexibilit\u00e4t, der Vereinbarkeit von Familie und Beruf, der Transparenz und der Zusammenarbeit zwischen Unternehmen von gro\u00dfer Bedeutung sind.<\/p>\t\t\t\t\t\t\t\t<\/div>\n\t\t\t\t<\/div>\n\t\t\t\t\t<\/div>\n\t\t\t\t<\/div>\n\t\t<div class=\"elementor-element elementor-element-352cc20 e-flex e-con-boxed e-con e-parent\" data-id=\"352cc20\" data-element_type=\"container\" data-e-type=\"container\">\n\t\t\t\t\t<div class=\"e-con-inner\">\n\t\t\t\t<div class=\"elementor-element elementor-element-eb278d6 elementor-widget__width-inherit elementor-widget elementor-widget-text-editor\" data-id=\"eb278d6\" data-element_type=\"widget\" data-e-type=\"widget\" data-widget_type=\"text-editor.default\">\n\t\t\t\t<div class=\"elementor-widget-container\">\n\t\t\t\t\t\t\t\t\t<p>Dies sind einige der Schl\u00fcsselelemente zur Organisation von Gabitel:<\/p><ul><li>Gabitel f\u00f6rdert die <strong>Weiterbildung<\/strong> seiner Mitarbeiter und bietet jederzeit Programme zur Verbesserung der beruflichen und pers\u00f6nlichen Entwicklung an, darunter auch Sprachkurse f\u00fcr das kommende Schuljahr.<\/li><li><strong>Die Vereinbarkeit von Familie und Beruf<\/strong> ist ein grundlegender Pfeiler bei der Erstellung der Arbeits- und Zeitpl\u00e4ne der Mitarbeiter von Gabitel. Es wird versucht, den Arbeitstag so weit wie m\u00f6glich mit dem notwendigen Familienleben in Einklang zu bringen.<\/li><li>\u00dcber ein <strong>internes Kommunikationssystem<\/strong> werden die Mitarbeiter des Unternehmens umgehend \u00fcber alle \u00c4nderungen oder Entscheidungen informiert, die sich auf ihre t\u00e4gliche Arbeit auswirken k\u00f6nnen.<\/li><li>Das Einstellungsverfahren schlie\u00dft jede <strong>Diskriminierung<\/strong> aufgrund von Geschlecht, ethnischer Herkunft oder Religion aus. In diesem Sinne ist die Belegschaft von Gabitel nahezu ausgeglichen zwischen Frauen und M\u00e4nnern.<\/li><li>Die <strong>Gehaltseinstufung der Mitarbeiter<\/strong> richtet sich ausschlie\u00dflich nach ihrer beruflichen Qualifikation und der damit verbundenen produktiven T\u00e4tigkeit, die sie im Organigramm des Unternehmens aus\u00fcben, und es wird keine Differenzierung nach Geschlecht vorgenommen.<\/li><li>Gabitel hat in seinen Arbeitszentren den Plan zur <strong>Verh\u00fctung von Straftaten umgesetzt und bietet Mitarbeitern<\/strong>, Kunden und Lieferanten einen vertraulichen Kanal zur Meldung von Missst\u00e4nden.<\/li><\/ul>\t\t\t\t\t\t\t\t<\/div>\n\t\t\t\t<\/div>\n\t\t\t\t<div class=\"elementor-element elementor-element-51f1526 elementor-widget__width-inherit elementor-widget elementor-widget-image\" data-id=\"51f1526\" data-element_type=\"widget\" data-e-type=\"widget\" data-widget_type=\"image.default\">\n\t\t\t\t<div class=\"elementor-widget-container\">\n\t\t\t\t\t\t\t\t\t\t\t\t\t\t\t<img decoding=\"async\" src=\"https:\/\/gabitel.net\/wp-content\/uploads\/elementor\/thumbs\/responsabilidad1-r6pcgsnqvjck07q6015bhse10hwtf9pbww4uwuty2g.jpg\" title=\"responsabilidad1\" alt=\"responsabilidad1\" loading=\"lazy\" \/>\t\t\t\t\t\t\t\t\t\t\t\t\t\t\t<\/div>\n\t\t\t\t<\/div>\n\t\t\t\t\t<\/div>\n\t\t\t\t<\/div>\n\t\t<div class=\"elementor-element elementor-element-dfc8479 e-flex e-con-boxed e-con e-parent\" data-id=\"dfc8479\" data-element_type=\"container\" data-e-type=\"container\">\n\t\t\t\t\t<div class=\"e-con-inner\">\n\t\t\t\t<div class=\"elementor-element elementor-element-69fb61a elementor-widget-divider--view-line elementor-widget elementor-widget-divider\" data-id=\"69fb61a\" data-element_type=\"widget\" data-e-type=\"widget\" data-widget_type=\"divider.default\">\n\t\t\t\t<div class=\"elementor-widget-container\">\n\t\t\t\t\t\t\t<div class=\"elementor-divider\">\n\t\t\t<span class=\"elementor-divider-separator\">\n\t\t\t\t\t\t<\/span>\n\t\t<\/div>\n\t\t\t\t\t\t<\/div>\n\t\t\t\t<\/div>\n\t\t\t\t\t<\/div>\n\t\t\t\t<\/div>\n\t\t<div class=\"elementor-element elementor-element-156c68c e-flex e-con-boxed e-con e-parent\" data-id=\"156c68c\" data-element_type=\"container\" data-e-type=\"container\">\n\t\t\t\t\t<div class=\"e-con-inner\">\n\t\t\t\t<div class=\"elementor-element elementor-element-5f876fe elementor-widget elementor-widget-heading\" data-id=\"5f876fe\" data-element_type=\"widget\" data-e-type=\"widget\" data-widget_type=\"heading.default\">\n\t\t\t\t<div class=\"elementor-widget-container\">\n\t\t\t\t\t<h4 class=\"elementor-heading-title elementor-size-default\">GLOBALER PAKT DER VEREINTEN NATIONEN<\/h4>\t\t\t\t<\/div>\n\t\t\t\t<\/div>\n\t\t<div class=\"elementor-element elementor-element-faa8bd2 e-con-full e-flex e-con e-child\" data-id=\"faa8bd2\" data-element_type=\"container\" data-e-type=\"container\">\n\t\t<div class=\"elementor-element elementor-element-6db1e11 e-con-full e-flex e-con e-child\" data-id=\"6db1e11\" data-element_type=\"container\" data-e-type=\"container\">\n\t\t\t\t<div class=\"elementor-element elementor-element-ecc3abe elementor-widget elementor-widget-image\" data-id=\"ecc3abe\" data-element_type=\"widget\" data-e-type=\"widget\" data-widget_type=\"image.default\">\n\t\t\t\t<div class=\"elementor-widget-container\">\n\t\t\t\t\t\t\t\t\t\t\t\t\t\t\t<img decoding=\"async\" src=\"https:\/\/gabitel.net\/wp-content\/uploads\/2025\/06\/pacto-mundial-onu-min.jpg\" title=\"pacto-mundial-onu-min\" alt=\"pacto-mundial-onu-min\" loading=\"lazy\" \/>\t\t\t\t\t\t\t\t\t\t\t\t\t\t\t<\/div>\n\t\t\t\t<\/div>\n\t\t\t\t<\/div>\n\t\t<div class=\"elementor-element elementor-element-7d59e56 e-con-full e-flex e-con e-child\" data-id=\"7d59e56\" data-element_type=\"container\" data-e-type=\"container\">\n\t\t\t\t<div class=\"elementor-element elementor-element-aaa5cc1 elementor-widget elementor-widget-text-editor\" data-id=\"aaa5cc1\" data-element_type=\"widget\" data-e-type=\"widget\" data-widget_type=\"text-editor.default\">\n\t\t\t\t<div class=\"elementor-widget-container\">\n\t\t\t\t\t\t\t\t\t<p>Im April 2016 unterzeichnete GABITEL SOLUCIONES T\u00c9CNICAS seine Beitrittserkl\u00e4rung zum Globalen Pakt der Vereinten Nationen \u2013 einer internationalen Initiative mit dem Ziel, den sozialen Dialog zu f\u00f6rdern und eine globale Unternehmenskultur (Corporate Citizenship) zu schaffen. Diese Initiative erm\u00f6glicht es, die Interessen der Wirtschaft mit den Werten und Erwartungen der Zivilgesellschaft, der UN-Programme, Gewerkschaften und Nichtregierungsorganisationen in Einklang zu bringen. Der Pakt basiert auf zehn Prinzipien in den Bereichen Menschenrechte, Arbeitsnormen, Umweltschutz und Korruptionsbek\u00e4mpfung.<\/p>\t\t\t\t\t\t\t\t<\/div>\n\t\t\t\t<\/div>\n\t\t\t\t<\/div>\n\t\t\t\t<\/div>\n\t\t\t\t<div class=\"elementor-element elementor-element-d32d7a6 elementor-widget elementor-widget-text-editor\" data-id=\"d32d7a6\" data-element_type=\"widget\" data-e-type=\"widget\" data-widget_type=\"text-editor.default\">\n\t\t\t\t<div class=\"elementor-widget-container\">\n\t\t\t\t\t\t\t\t\t<p>Durch diese Vereinbarung verpflichtet sich GABITEL SOLUCIONES T\u00c9CNICAS dazu, diesen Pakt und seine Prinzipien zu einem Teil der Strategie, der Kultur und des t\u00e4glichen Handelns unseres Unternehmens zu machen und sich an Kooperationsprojekten zu beteiligen, die zu den umfassenderen Entwicklungszielen der Vereinten Nationen, insbesondere den Millenniums-Entwicklungszielen, beitragen.<\/p><p>Im Rahmen dieses Engagements sendet GABITEL SOLUCIONES T\u00c9CNICAS j\u00e4hrlich einen Fortschrittsbericht, in dem die Anstrengungen zur Umsetzung dieser 10 Grunds\u00e4tze beschrieben werden.<\/p>\t\t\t\t\t\t\t\t<\/div>\n\t\t\t\t<\/div>\n\t\t\t\t\t<\/div>\n\t\t\t\t<\/div>\n\t\t<div class=\"elementor-element elementor-element-229c7dd e-flex e-con-boxed e-con e-parent\" data-id=\"229c7dd\" data-element_type=\"container\" data-e-type=\"container\">\n\t\t\t\t\t<div class=\"e-con-inner\">\n\t\t\t\t<div class=\"elementor-element elementor-element-fd8e89a elementor-widget-divider--view-line elementor-widget elementor-widget-divider\" data-id=\"fd8e89a\" data-element_type=\"widget\" data-e-type=\"widget\" data-widget_type=\"divider.default\">\n\t\t\t\t<div class=\"elementor-widget-container\">\n\t\t\t\t\t\t\t<div class=\"elementor-divider\">\n\t\t\t<span class=\"elementor-divider-separator\">\n\t\t\t\t\t\t<\/span>\n\t\t<\/div>\n\t\t\t\t\t\t<\/div>\n\t\t\t\t<\/div>\n\t\t\t\t\t<\/div>\n\t\t\t\t<\/div>\n\t\t<div class=\"elementor-element elementor-element-64cbf94 e-flex e-con-boxed e-con e-parent\" data-id=\"64cbf94\" data-element_type=\"container\" data-e-type=\"container\">\n\t\t\t\t\t<div class=\"e-con-inner\">\n\t\t\t\t<div class=\"elementor-element elementor-element-9fdec57 elementor-widget elementor-widget-heading\" data-id=\"9fdec57\" data-element_type=\"widget\" data-e-type=\"widget\" data-widget_type=\"heading.default\">\n\t\t\t\t<div class=\"elementor-widget-container\">\n\t\t\t\t\t<h4 class=\"elementor-heading-title elementor-size-default\">CHARTA DER VIELFALT<\/h4>\t\t\t\t<\/div>\n\t\t\t\t<\/div>\n\t\t<div class=\"elementor-element elementor-element-7855190 e-con-full e-flex e-con e-child\" data-id=\"7855190\" data-element_type=\"container\" data-e-type=\"container\">\n\t\t<div class=\"elementor-element elementor-element-9f8340f e-con-full e-flex e-con e-child\" data-id=\"9f8340f\" data-element_type=\"container\" data-e-type=\"container\">\n\t\t\t\t<div class=\"elementor-element elementor-element-5dbcbb7 elementor-widget elementor-widget-image\" data-id=\"5dbcbb7\" data-element_type=\"widget\" data-e-type=\"widget\" data-widget_type=\"image.default\">\n\t\t\t\t<div class=\"elementor-widget-container\">\n\t\t\t\t\t\t\t\t\t\t\t\t\t\t\t<img decoding=\"async\" width=\"150\" height=\"150\" src=\"https:\/\/gabitel.net\/wp-content\/uploads\/2025\/06\/charter-150x150.jpg\" class=\"attachment-thumbnail size-thumbnail wp-image-31759\" alt=\"charter\" \/>\t\t\t\t\t\t\t\t\t\t\t\t\t\t\t<\/div>\n\t\t\t\t<\/div>\n\t\t\t\t<\/div>\n\t\t<div class=\"elementor-element elementor-element-b41110e e-con-full e-flex e-con e-child\" data-id=\"b41110e\" data-element_type=\"container\" data-e-type=\"container\">\n\t\t\t\t<div class=\"elementor-element elementor-element-ade4be8 elementor-widget elementor-widget-text-editor\" data-id=\"ade4be8\" data-element_type=\"widget\" data-e-type=\"widget\" data-widget_type=\"text-editor.default\">\n\t\t\t\t<div class=\"elementor-widget-container\">\n\t\t\t\t\t\t\t\t\t<p>Die zunehmende Vielfalt ist der gro\u00dfe gesellschaftliche Wandel des 21. Jahrhunderts. Heute kann keine menschliche Gruppe mehr auf Fakten wie die Konsolidierung der Frauen auf dem Arbeitsmarkt, die Migrantenbev\u00f6lkerung, die Vielfalt der Kulturen, die Vielfalt der Lebensstile oder die Unterschiede in der sexuellen Orientierung verzichten.<\/p>\n<p>In diesem Zusammenhang muss das Personalmanagement in den Institutionen mit der Vorstellung brechen, die vielen traditionellen Praktiken zugrunde liegt, dass die Menschen, die in Organisationen arbeiten, eine homogene, undifferenzierte Kategorie darstellen. Im Gegenteil, wir m\u00fcssen davon ausgehen, dass sich die Belegschaften aus Menschen mit sehr unterschiedlichen pers\u00f6nlichen, kulturellen, sozialen und demografischen F\u00e4higkeiten zusammensetzen, was das Zusammenleben von Menschen mit sehr unterschiedlichen Bed\u00fcrfnissen, Einstellungen, Werten, Motivationen und Kenntnissen erleichtert und notwendiger macht.<\/p>\t\t\t\t\t\t\t\t<\/div>\n\t\t\t\t<\/div>\n\t\t\t\t<\/div>\n\t\t\t\t<\/div>\n\t\t\t\t<div class=\"elementor-element elementor-element-c2de73b elementor-widget elementor-widget-text-editor\" data-id=\"c2de73b\" data-element_type=\"widget\" data-e-type=\"widget\" data-widget_type=\"text-editor.default\">\n\t\t\t\t<div class=\"elementor-widget-container\">\n\t\t\t\t\t\t\t\t\t<p>Unternehmen, die freiwillig die Charta der Vielfalt unterzeichnen, respektieren die geltenden Vorschriften zur Chancengleichheit und Antidiskriminierung und \u00fcbernehmen die folgenden Grundprinzipien:<\/p>\n<ul>\n \t<li><strong>Sensibilisierung<\/strong> f\u00fcr Chancengleichheit und Wertsch\u00e4tzung von Vielfalt als Unternehmenswerte sowie deren Verankerung und Kommunikation gegen\u00fcber allen Mitarbeitenden.<\/li>\n \t<li><strong>Aufbau einer vielf\u00e4ltigen Belegschaft<\/strong> durch Integration von Fachkr\u00e4ften mit unterschiedlichen Profilen \u2013 unabh\u00e4ngig von Geschlecht, sexueller Orientierung, Herkunft, Nationalit\u00e4t, ethnischer Zugeh\u00f6rigkeit, Religion, Weltanschauung, Alter, Behinderung oder anderen pers\u00f6nlichen oder sozialen Merkmalen.<\/li>\n \t<li><strong>F\u00f6rderung von Inklusion<\/strong> durch aktive Integration und Vermeidung jeglicher Form von direkter oder indirekter Diskriminierung am Arbeitsplatz.<\/li>\n \t<li><strong>Ber\u00fccksichtigung von Vielfalt in der gesamten Personalpolitik<\/strong> und ein bereichs\u00fcbergreifendes Diversity Management als Grundlage aller Entscheidungen in diesem Bereich.<\/li>\n \t<li><strong>F\u00f6rderung der Vereinbarkeit von Beruf, Familie und Freizeit<\/strong> durch Ma\u00dfnahmen, die allen Mitarbeitenden ein ausgewogenes Verh\u00e4ltnis zwischen Berufs- und Privatleben erm\u00f6glichen.<\/li>\n \t<li><strong>Anerkennung der Vielfalt ihrer Kunden<\/strong> als Quelle von Innovation und Entwicklung.<\/li>\n \t<li><strong>Kommunikation des eigenen Engagements gegen\u00fcber den Mitarbeitenden<\/strong> und Ausweitung der Verantwortung aus der Charta-Unterzeichnung auf das gesamte Unternehmen.<\/li>\n \t<li><strong>Weitergabe des Engagements an Zulieferer<\/strong> und Einladung, sich der Gemeinschaft der unterzeichnenden Unternehmen in Spanien anzuschlie\u00dfen.<\/li>\n \t<li><strong>Teilen des Engagements<\/strong> mit Verwaltungen, Unternehmensverb\u00e4nden, Gewerkschaften und anderen gesellschaftlichen Akteuren.<\/li>\n \t<li><strong>Dokumentation der Ma\u00dfnahmen zur F\u00f6rderung von Diversit\u00e4t<\/strong> sowie deren Ergebnisse im Gesch\u00e4ftsbericht.<\/li>\n<\/ul>\t\t\t\t\t\t\t\t<\/div>\n\t\t\t\t<\/div>\n\t\t\t\t\t<\/div>\n\t\t\t\t<\/div>\n\t\t<div class=\"elementor-element elementor-element-4faed70 e-flex e-con-boxed e-con e-parent\" data-id=\"4faed70\" data-element_type=\"container\" data-e-type=\"container\">\n\t\t\t\t\t<div class=\"e-con-inner\">\n\t\t\t\t<div class=\"elementor-element elementor-element-049926b elementor-widget-divider--view-line elementor-widget elementor-widget-divider\" data-id=\"049926b\" data-element_type=\"widget\" data-e-type=\"widget\" data-widget_type=\"divider.default\">\n\t\t\t\t<div class=\"elementor-widget-container\">\n\t\t\t\t\t\t\t<div class=\"elementor-divider\">\n\t\t\t<span class=\"elementor-divider-separator\">\n\t\t\t\t\t\t<\/span>\n\t\t<\/div>\n\t\t\t\t\t\t<\/div>\n\t\t\t\t<\/div>\n\t\t\t\t\t<\/div>\n\t\t\t\t<\/div>\n\t\t<div class=\"elementor-element elementor-element-497a97f e-flex e-con-boxed e-con e-parent\" data-id=\"497a97f\" data-element_type=\"container\" data-e-type=\"container\">\n\t\t\t\t\t<div class=\"e-con-inner\">\n\t\t\t\t<div class=\"elementor-element elementor-element-8dde6b3 elementor-widget elementor-widget-heading\" data-id=\"8dde6b3\" data-element_type=\"widget\" data-e-type=\"widget\" data-widget_type=\"heading.default\">\n\t\t\t\t<div class=\"elementor-widget-container\">\n\t\t\t\t\t<h4 class=\"elementor-heading-title elementor-size-default\">COMPLIANCE-RICHTLINIE<\/h4>\t\t\t\t<\/div>\n\t\t\t\t<\/div>\n\t\t<div class=\"elementor-element elementor-element-3b1e646 e-con-full e-flex e-con e-child\" data-id=\"3b1e646\" data-element_type=\"container\" data-e-type=\"container\">\n\t\t\t\t<div class=\"elementor-element elementor-element-c0b8b1b elementor-widget elementor-widget-image\" data-id=\"c0b8b1b\" data-element_type=\"widget\" data-e-type=\"widget\" data-widget_type=\"image.default\">\n\t\t\t\t<div class=\"elementor-widget-container\">\n\t\t\t\t\t\t\t\t\t\t\t\t\t\t\t<img fetchpriority=\"high\" decoding=\"async\" width=\"300\" height=\"300\" src=\"https:\/\/gabitel.net\/wp-content\/uploads\/2025\/06\/responsabilidad2-300x300.png\" class=\"attachment-medium size-medium wp-image-31756\" alt=\"responsabilidad2\" srcset=\"https:\/\/gabitel.net\/wp-content\/uploads\/2025\/06\/responsabilidad2-300x300.png 300w, https:\/\/gabitel.net\/wp-content\/uploads\/2025\/06\/responsabilidad2-150x150.png 150w, https:\/\/gabitel.net\/wp-content\/uploads\/2025\/06\/responsabilidad2.png 500w\" sizes=\"(max-width: 300px) 100vw, 300px\" \/>\t\t\t\t\t\t\t\t\t\t\t\t\t\t\t<\/div>\n\t\t\t\t<\/div>\n\t\t\t\t<div class=\"elementor-element elementor-element-a70615c elementor-widget elementor-widget-text-editor\" data-id=\"a70615c\" data-element_type=\"widget\" data-e-type=\"widget\" data-widget_type=\"text-editor.default\">\n\t\t\t\t<div class=\"elementor-widget-container\">\n\t\t\t\t\t\t\t\t\t<p>Bei GABITEL SOLUCIONES T\u00c9CNICAS befolgen wir eine <strong>Compliance-Richtlinie<\/strong>, die sich strikt an die geltenden gesetzlichen Vorschriften h\u00e4lt. Unser Unternehmen gew\u00e4hrleistet die Umsetzung eines effektiven Pr\u00e4ventionsmodells, die \u00dcberwachung seiner Anwendung sowie die Kontrolle der Einhaltung durch alle Mitarbeitenden.<\/p>\t\t\t\t\t\t\t\t<\/div>\n\t\t\t\t<\/div>\n\t\t\t\t<\/div>\n\t\t\t\t\t<\/div>\n\t\t\t\t<\/div>\n\t\t<div class=\"elementor-element elementor-element-40fb2a1 e-flex e-con-boxed e-con e-parent\" data-id=\"40fb2a1\" data-element_type=\"container\" data-e-type=\"container\">\n\t\t\t\t\t<div class=\"e-con-inner\">\n\t\t\t\t<div class=\"elementor-element elementor-element-049e75a elementor-widget-divider--view-line elementor-widget elementor-widget-divider\" data-id=\"049e75a\" data-element_type=\"widget\" data-e-type=\"widget\" data-widget_type=\"divider.default\">\n\t\t\t\t<div class=\"elementor-widget-container\">\n\t\t\t\t\t\t\t<div class=\"elementor-divider\">\n\t\t\t<span class=\"elementor-divider-separator\">\n\t\t\t\t\t\t<\/span>\n\t\t<\/div>\n\t\t\t\t\t\t<\/div>\n\t\t\t\t<\/div>\n\t\t\t\t\t<\/div>\n\t\t\t\t<\/div>\n\t\t<div class=\"elementor-element elementor-element-783bf52 e-flex e-con-boxed e-con e-parent\" data-id=\"783bf52\" data-element_type=\"container\" data-e-type=\"container\">\n\t\t\t\t\t<div class=\"e-con-inner\">\n\t\t\t\t<div class=\"elementor-element elementor-element-d07944e elementor-widget elementor-widget-heading\" data-id=\"d07944e\" data-element_type=\"widget\" data-e-type=\"widget\" data-widget_type=\"heading.default\">\n\t\t\t\t<div class=\"elementor-widget-container\">\n\t\t\t\t\t<h4 class=\"elementor-heading-title elementor-size-default\">PLAN ZUR STRAFRECHTLICHEN PR\u00c4VENTION<\/h4>\t\t\t\t<\/div>\n\t\t\t\t<\/div>\n\t\t<div class=\"elementor-element elementor-element-a709a21 e-con-full e-flex e-con e-child\" data-id=\"a709a21\" data-element_type=\"container\" data-e-type=\"container\">\n\t\t\t\t<div class=\"elementor-element elementor-element-7f827d1 elementor-widget elementor-widget-image\" data-id=\"7f827d1\" data-element_type=\"widget\" data-e-type=\"widget\" data-widget_type=\"image.default\">\n\t\t\t\t<div class=\"elementor-widget-container\">\n\t\t\t\t\t\t\t\t\t\t\t\t\t\t\t<img decoding=\"async\" width=\"300\" height=\"300\" src=\"https:\/\/gabitel.net\/wp-content\/uploads\/2025\/06\/responsabilidad3-300x300.png\" class=\"attachment-medium size-medium wp-image-31757\" alt=\"responsabilidad3\" srcset=\"https:\/\/gabitel.net\/wp-content\/uploads\/2025\/06\/responsabilidad3-300x300.png 300w, https:\/\/gabitel.net\/wp-content\/uploads\/2025\/06\/responsabilidad3-150x150.png 150w, https:\/\/gabitel.net\/wp-content\/uploads\/2025\/06\/responsabilidad3-768x768.png 768w, https:\/\/gabitel.net\/wp-content\/uploads\/2025\/06\/responsabilidad3.png 1024w\" sizes=\"(max-width: 300px) 100vw, 300px\" \/>\t\t\t\t\t\t\t\t\t\t\t\t\t\t\t<\/div>\n\t\t\t\t<\/div>\n\t\t\t\t<div class=\"elementor-element elementor-element-606cb40 elementor-widget elementor-widget-text-editor\" data-id=\"606cb40\" data-element_type=\"widget\" data-e-type=\"widget\" data-widget_type=\"text-editor.default\">\n\t\t\t\t<div class=\"elementor-widget-container\">\n\t\t\t\t\t\t\t\t\t<p>GABITEL SOLUCIONES T\u00c9CNICAS ist sich der Bedeutung bewusst, nachzuweisen, dass F\u00fchrungskr\u00e4fte und Manager ihrer Pflicht zur Kontrolle aller unterstellten Mitarbeitenden nachkommen, um eine m\u00f6gliche strafrechtliche Haftung der juristischen Person zu vermeiden.<\/p><p>Aus diesem Grund haben wir einen umfassenden <strong>Kriminalpr\u00e4ventionsplan<\/strong> eingef\u00fchrt \u2013 ein Ma\u00dfnahmenprogramm gem\u00e4\u00df Artikel 31 bis des spanischen Strafgesetzbuches (gem\u00e4\u00df LO 1\/2015). Dieser legt die notwendigen Vorkehrungen zur Verhinderung potenzieller Straftaten im Unternehmen fest sowie Verfahren zur Erkennung und ggf. Korrektur solcher Vorg\u00e4nge.<\/p>\t\t\t\t\t\t\t\t<\/div>\n\t\t\t\t<\/div>\n\t\t\t\t<\/div>\n\t\t\t\t\t<\/div>\n\t\t\t\t<\/div>\n\t\t<div class=\"elementor-element elementor-element-0a323af e-flex e-con-boxed e-con e-parent\" data-id=\"0a323af\" data-element_type=\"container\" data-e-type=\"container\">\n\t\t\t\t\t<div class=\"e-con-inner\">\n\t\t\t\t<div class=\"elementor-element elementor-element-a17612f elementor-widget-divider--view-line elementor-widget elementor-widget-divider\" data-id=\"a17612f\" data-element_type=\"widget\" data-e-type=\"widget\" data-widget_type=\"divider.default\">\n\t\t\t\t<div class=\"elementor-widget-container\">\n\t\t\t\t\t\t\t<div class=\"elementor-divider\">\n\t\t\t<span class=\"elementor-divider-separator\">\n\t\t\t\t\t\t<\/span>\n\t\t<\/div>\n\t\t\t\t\t\t<\/div>\n\t\t\t\t<\/div>\n\t\t\t\t\t<\/div>\n\t\t\t\t<\/div>\n\t\t<div class=\"elementor-element elementor-element-8a21521 e-flex e-con-boxed e-con e-parent\" data-id=\"8a21521\" data-element_type=\"container\" data-e-type=\"container\">\n\t\t\t\t\t<div class=\"e-con-inner\">\n\t\t\t\t<div class=\"elementor-element elementor-element-a3544d1 elementor-widget elementor-widget-heading\" data-id=\"a3544d1\" data-element_type=\"widget\" data-e-type=\"widget\" data-widget_type=\"heading.default\">\n\t\t\t\t<div class=\"elementor-widget-container\">\n\t\t\t\t\t<h4 class=\"elementor-heading-title elementor-size-default\">ETHIK-KANAL<\/h4>\t\t\t\t<\/div>\n\t\t\t\t<\/div>\n\t\t\t\t<div class=\"elementor-element elementor-element-4439c91 elementor-widget elementor-widget-text-editor\" data-id=\"4439c91\" data-element_type=\"widget\" data-e-type=\"widget\" data-widget_type=\"text-editor.default\">\n\t\t\t\t<div class=\"elementor-widget-container\">\n\t\t\t\t\t\t\t\t\t<p>Im Laufe des Jahres 2016 hat GABITEL SOLUCIONES T\u00c9CNICAS den <strong>Ethik-Kanal<\/strong> eingef\u00fchrt, eine Whistleblowing-Plattform, deren Zweck es ist, eine zug\u00e4ngliche und vertrauliche Kommunikation im Falle m\u00f6glicher Handlungen zu erm\u00f6glichen, die strafrechtliche Auswirkungen innerhalb des Unternehmens, durch seine Kunden, Mitarbeiter und Lieferanten haben k\u00f6nnten.<\/p><p>Es handelt sich dabei um ein flexibles System einzuf\u00fchren, das den Empfang von Mitteilungen erleichtert, die anschlie\u00dfend von den jeweiligen Compliance-Officers untersucht werden, die die in jedem Fall f\u00fcr angemessen erachteten L\u00f6sungen durchf\u00fchren werden.<\/p>\t\t\t\t\t\t\t\t<\/div>\n\t\t\t\t<\/div>\n\t\t\t\t\t<\/div>\n\t\t\t\t<\/div>\n\t\t\t\t<\/div>\n\t\t","protected":false},"excerpt":{"rendered":"<p>SOZIALE VERANTWORTUNG DES UNTERNEHMENS (CSR) GABITEL SOLUCIONES T\u00c9CNICAS strebt eine verantwortungsvolle und engagierte F\u00fchrung an, die durch ihr Handeln eine andere Art des Wirtschaftens vermittelt und dabei nicht nur die eigenen Mitarbeiter, sondern auch Lieferanten, Verwaltungen und Wettbewerber als Mitglieder einer globalen Gesellschaft im Auge beh\u00e4lt und der Gemeinschaft die Notwendigkeit sozialer Verantwortung vermittelt. Wir [&hellip;]<\/p>\n","protected":false},"author":2,"featured_media":0,"parent":0,"menu_order":0,"comment_status":"closed","ping_status":"closed","template":"","meta":{"content-type":"","footnotes":""},"class_list":["post-31754","page","type-page","status-publish","hentry"],"yoast_head":"<!-- This site is optimized with the Yoast SEO plugin v27.5 - https:\/\/yoast.com\/product\/yoast-seo-wordpress\/ -->\n<title>Soziale Verantwortung von Unternehmen - Gabitel<\/title>\n<meta name=\"robots\" content=\"index, follow, max-snippet:-1, max-image-preview:large, max-video-preview:-1\" \/>\n<link rel=\"canonical\" href=\"https:\/\/gabitel.net\/de\/unternehmerische-soziale-verantwortung\/\" \/>\n<meta property=\"og:locale\" content=\"de_DE\" \/>\n<meta property=\"og:type\" content=\"article\" \/>\n<meta property=\"og:title\" content=\"Soziale Verantwortung von Unternehmen - Gabitel\" \/>\n<meta property=\"og:description\" content=\"SOZIALE VERANTWORTUNG DES UNTERNEHMENS (CSR) GABITEL SOLUCIONES T\u00c9CNICAS strebt eine verantwortungsvolle und engagierte F\u00fchrung an, die durch ihr Handeln eine andere Art des Wirtschaftens vermittelt und dabei nicht nur die eigenen Mitarbeiter, sondern auch Lieferanten, Verwaltungen und Wettbewerber als Mitglieder einer globalen Gesellschaft im Auge beh\u00e4lt und der Gemeinschaft die Notwendigkeit sozialer Verantwortung vermittelt. Wir [&hellip;]\" \/>\n<meta property=\"og:url\" content=\"https:\/\/gabitel.net\/de\/unternehmerische-soziale-verantwortung\/\" \/>\n<meta property=\"og:site_name\" content=\"Gabitel\" \/>\n<meta property=\"article:publisher\" content=\"https:\/\/www.facebook.com\/gabitelingenieros\/\" \/>\n<meta property=\"article:modified_time\" content=\"2025-07-15T06:27:57+00:00\" \/>\n<meta property=\"og:image\" content=\"https:\/\/gabitel.net\/wp-content\/uploads\/elementor\/thumbs\/responsabilidad1-r6pcgsnqvjck07q6015bhse10hwtf9pbww4uwuty2g.jpg\" \/>\n<meta name=\"twitter:card\" content=\"summary_large_image\" \/>\n<meta name=\"twitter:label1\" content=\"Gesch\u00e4tzte Lesezeit\" \/>\n\t<meta name=\"twitter:data1\" content=\"7\u00a0Minuten\" \/>\n<script type=\"application\/ld+json\" class=\"yoast-schema-graph\">{\"@context\":\"https:\\\/\\\/schema.org\",\"@graph\":[{\"@type\":\"WebPage\",\"@id\":\"https:\\\/\\\/gabitel.net\\\/de\\\/unternehmerische-soziale-verantwortung\\\/\",\"url\":\"https:\\\/\\\/gabitel.net\\\/de\\\/unternehmerische-soziale-verantwortung\\\/\",\"name\":\"Soziale Verantwortung von Unternehmen - Gabitel\",\"isPartOf\":{\"@id\":\"https:\\\/\\\/gabitel.net\\\/de\\\/#website\"},\"primaryImageOfPage\":{\"@id\":\"https:\\\/\\\/gabitel.net\\\/de\\\/unternehmerische-soziale-verantwortung\\\/#primaryimage\"},\"image\":{\"@id\":\"https:\\\/\\\/gabitel.net\\\/de\\\/unternehmerische-soziale-verantwortung\\\/#primaryimage\"},\"thumbnailUrl\":\"https:\\\/\\\/gabitel.net\\\/wp-content\\\/uploads\\\/elementor\\\/thumbs\\\/responsabilidad1-r6pcgsnqvjck07q6015bhse10hwtf9pbww4uwuty2g.jpg\",\"datePublished\":\"2025-06-02T06:18:56+00:00\",\"dateModified\":\"2025-07-15T06:27:57+00:00\",\"breadcrumb\":{\"@id\":\"https:\\\/\\\/gabitel.net\\\/de\\\/unternehmerische-soziale-verantwortung\\\/#breadcrumb\"},\"inLanguage\":\"de\",\"potentialAction\":[{\"@type\":\"ReadAction\",\"target\":[\"https:\\\/\\\/gabitel.net\\\/de\\\/unternehmerische-soziale-verantwortung\\\/\"]}]},{\"@type\":\"ImageObject\",\"inLanguage\":\"de\",\"@id\":\"https:\\\/\\\/gabitel.net\\\/de\\\/unternehmerische-soziale-verantwortung\\\/#primaryimage\",\"url\":\"https:\\\/\\\/gabitel.net\\\/wp-content\\\/uploads\\\/elementor\\\/thumbs\\\/responsabilidad1-r6pcgsnqvjck07q6015bhse10hwtf9pbww4uwuty2g.jpg\",\"contentUrl\":\"https:\\\/\\\/gabitel.net\\\/wp-content\\\/uploads\\\/elementor\\\/thumbs\\\/responsabilidad1-r6pcgsnqvjck07q6015bhse10hwtf9pbww4uwuty2g.jpg\"},{\"@type\":\"BreadcrumbList\",\"@id\":\"https:\\\/\\\/gabitel.net\\\/de\\\/unternehmerische-soziale-verantwortung\\\/#breadcrumb\",\"itemListElement\":[{\"@type\":\"ListItem\",\"position\":1,\"name\":\"Portada\",\"item\":\"https:\\\/\\\/gabitel.net\\\/de\\\/\"},{\"@type\":\"ListItem\",\"position\":2,\"name\":\"Soziale Verantwortung von Unternehmen\"}]},{\"@type\":\"WebSite\",\"@id\":\"https:\\\/\\\/gabitel.net\\\/de\\\/#website\",\"url\":\"https:\\\/\\\/gabitel.net\\\/de\\\/\",\"name\":\"Gabitel\",\"description\":\"\",\"publisher\":{\"@id\":\"https:\\\/\\\/gabitel.net\\\/de\\\/#organization\"},\"potentialAction\":[{\"@type\":\"SearchAction\",\"target\":{\"@type\":\"EntryPoint\",\"urlTemplate\":\"https:\\\/\\\/gabitel.net\\\/de\\\/?s={search_term_string}\"},\"query-input\":{\"@type\":\"PropertyValueSpecification\",\"valueRequired\":true,\"valueName\":\"search_term_string\"}}],\"inLanguage\":\"de\"},{\"@type\":\"Organization\",\"@id\":\"https:\\\/\\\/gabitel.net\\\/de\\\/#organization\",\"name\":\"Gabitel\",\"url\":\"https:\\\/\\\/gabitel.net\\\/de\\\/\",\"logo\":{\"@type\":\"ImageObject\",\"inLanguage\":\"de\",\"@id\":\"https:\\\/\\\/gabitel.net\\\/de\\\/#\\\/schema\\\/logo\\\/image\\\/\",\"url\":\"https:\\\/\\\/gabitel.net\\\/wp-content\\\/uploads\\\/2025\\\/05\\\/logo_gabitel.jpg\",\"contentUrl\":\"https:\\\/\\\/gabitel.net\\\/wp-content\\\/uploads\\\/2025\\\/05\\\/logo_gabitel.jpg\",\"width\":2560,\"height\":1330,\"caption\":\"Gabitel\"},\"image\":{\"@id\":\"https:\\\/\\\/gabitel.net\\\/de\\\/#\\\/schema\\\/logo\\\/image\\\/\"},\"sameAs\":[\"https:\\\/\\\/www.facebook.com\\\/gabitelingenieros\\\/\",\"https:\\\/\\\/es.linkedin.com\\\/company\\\/gabitel-ingenieros\"]}]}<\/script>\n<!-- \/ Yoast SEO plugin. -->","yoast_head_json":{"title":"Soziale Verantwortung von Unternehmen - Gabitel","robots":{"index":"index","follow":"follow","max-snippet":"max-snippet:-1","max-image-preview":"max-image-preview:large","max-video-preview":"max-video-preview:-1"},"canonical":"https:\/\/gabitel.net\/de\/unternehmerische-soziale-verantwortung\/","og_locale":"de_DE","og_type":"article","og_title":"Soziale Verantwortung von Unternehmen - Gabitel","og_description":"SOZIALE VERANTWORTUNG DES UNTERNEHMENS (CSR) GABITEL SOLUCIONES T\u00c9CNICAS strebt eine verantwortungsvolle und engagierte F\u00fchrung an, die durch ihr Handeln eine andere Art des Wirtschaftens vermittelt und dabei nicht nur die eigenen Mitarbeiter, sondern auch Lieferanten, Verwaltungen und Wettbewerber als Mitglieder einer globalen Gesellschaft im Auge beh\u00e4lt und der Gemeinschaft die Notwendigkeit sozialer Verantwortung vermittelt. Wir [&hellip;]","og_url":"https:\/\/gabitel.net\/de\/unternehmerische-soziale-verantwortung\/","og_site_name":"Gabitel","article_publisher":"https:\/\/www.facebook.com\/gabitelingenieros\/","article_modified_time":"2025-07-15T06:27:57+00:00","og_image":[{"url":"https:\/\/gabitel.net\/wp-content\/uploads\/elementor\/thumbs\/responsabilidad1-r6pcgsnqvjck07q6015bhse10hwtf9pbww4uwuty2g.jpg","type":"","width":"","height":""}],"twitter_card":"summary_large_image","twitter_misc":{"Gesch\u00e4tzte Lesezeit":"7\u00a0Minuten"},"schema":{"@context":"https:\/\/schema.org","@graph":[{"@type":"WebPage","@id":"https:\/\/gabitel.net\/de\/unternehmerische-soziale-verantwortung\/","url":"https:\/\/gabitel.net\/de\/unternehmerische-soziale-verantwortung\/","name":"Soziale Verantwortung von Unternehmen - Gabitel","isPartOf":{"@id":"https:\/\/gabitel.net\/de\/#website"},"primaryImageOfPage":{"@id":"https:\/\/gabitel.net\/de\/unternehmerische-soziale-verantwortung\/#primaryimage"},"image":{"@id":"https:\/\/gabitel.net\/de\/unternehmerische-soziale-verantwortung\/#primaryimage"},"thumbnailUrl":"https:\/\/gabitel.net\/wp-content\/uploads\/elementor\/thumbs\/responsabilidad1-r6pcgsnqvjck07q6015bhse10hwtf9pbww4uwuty2g.jpg","datePublished":"2025-06-02T06:18:56+00:00","dateModified":"2025-07-15T06:27:57+00:00","breadcrumb":{"@id":"https:\/\/gabitel.net\/de\/unternehmerische-soziale-verantwortung\/#breadcrumb"},"inLanguage":"de","potentialAction":[{"@type":"ReadAction","target":["https:\/\/gabitel.net\/de\/unternehmerische-soziale-verantwortung\/"]}]},{"@type":"ImageObject","inLanguage":"de","@id":"https:\/\/gabitel.net\/de\/unternehmerische-soziale-verantwortung\/#primaryimage","url":"https:\/\/gabitel.net\/wp-content\/uploads\/elementor\/thumbs\/responsabilidad1-r6pcgsnqvjck07q6015bhse10hwtf9pbww4uwuty2g.jpg","contentUrl":"https:\/\/gabitel.net\/wp-content\/uploads\/elementor\/thumbs\/responsabilidad1-r6pcgsnqvjck07q6015bhse10hwtf9pbww4uwuty2g.jpg"},{"@type":"BreadcrumbList","@id":"https:\/\/gabitel.net\/de\/unternehmerische-soziale-verantwortung\/#breadcrumb","itemListElement":[{"@type":"ListItem","position":1,"name":"Portada","item":"https:\/\/gabitel.net\/de\/"},{"@type":"ListItem","position":2,"name":"Soziale Verantwortung von Unternehmen"}]},{"@type":"WebSite","@id":"https:\/\/gabitel.net\/de\/#website","url":"https:\/\/gabitel.net\/de\/","name":"Gabitel","description":"","publisher":{"@id":"https:\/\/gabitel.net\/de\/#organization"},"potentialAction":[{"@type":"SearchAction","target":{"@type":"EntryPoint","urlTemplate":"https:\/\/gabitel.net\/de\/?s={search_term_string}"},"query-input":{"@type":"PropertyValueSpecification","valueRequired":true,"valueName":"search_term_string"}}],"inLanguage":"de"},{"@type":"Organization","@id":"https:\/\/gabitel.net\/de\/#organization","name":"Gabitel","url":"https:\/\/gabitel.net\/de\/","logo":{"@type":"ImageObject","inLanguage":"de","@id":"https:\/\/gabitel.net\/de\/#\/schema\/logo\/image\/","url":"https:\/\/gabitel.net\/wp-content\/uploads\/2025\/05\/logo_gabitel.jpg","contentUrl":"https:\/\/gabitel.net\/wp-content\/uploads\/2025\/05\/logo_gabitel.jpg","width":2560,"height":1330,"caption":"Gabitel"},"image":{"@id":"https:\/\/gabitel.net\/de\/#\/schema\/logo\/image\/"},"sameAs":["https:\/\/www.facebook.com\/gabitelingenieros\/","https:\/\/es.linkedin.com\/company\/gabitel-ingenieros"]}]}},"_links":{"self":[{"href":"https:\/\/gabitel.net\/de\/wp-json\/wp\/v2\/pages\/31754","targetHints":{"allow":["GET"]}}],"collection":[{"href":"https:\/\/gabitel.net\/de\/wp-json\/wp\/v2\/pages"}],"about":[{"href":"https:\/\/gabitel.net\/de\/wp-json\/wp\/v2\/types\/page"}],"author":[{"embeddable":true,"href":"https:\/\/gabitel.net\/de\/wp-json\/wp\/v2\/users\/2"}],"replies":[{"embeddable":true,"href":"https:\/\/gabitel.net\/de\/wp-json\/wp\/v2\/comments?post=31754"}],"version-history":[{"count":5,"href":"https:\/\/gabitel.net\/de\/wp-json\/wp\/v2\/pages\/31754\/revisions"}],"predecessor-version":[{"id":32205,"href":"https:\/\/gabitel.net\/de\/wp-json\/wp\/v2\/pages\/31754\/revisions\/32205"}],"wp:attachment":[{"href":"https:\/\/gabitel.net\/de\/wp-json\/wp\/v2\/media?parent=31754"}],"curies":[{"name":"wp","href":"https:\/\/api.w.org\/{rel}","templated":true}]}}