{"id":31762,"date":"2025-06-02T08:37:21","date_gmt":"2025-06-02T06:37:21","guid":{"rendered":"https:\/\/gabitel.net\/sistema-integrado-de-gestion\/"},"modified":"2025-07-15T08:43:03","modified_gmt":"2025-07-15T06:43:03","slug":"integriertes-managementsystem","status":"publish","type":"page","link":"https:\/\/gabitel.net\/de\/integriertes-managementsystem\/","title":{"rendered":"Integriertes Managementsystem"},"content":{"rendered":"\t\t<div data-elementor-type=\"wp-page\" data-elementor-id=\"31762\" class=\"elementor elementor-31762 elementor-1094\" data-elementor-post-type=\"page\">\n\t\t\t\t<div class=\"elementor-element elementor-element-66669a2 e-flex e-con-boxed e-con e-parent\" data-id=\"66669a2\" data-element_type=\"container\" data-e-type=\"container\" data-settings=\"{&quot;background_background&quot;:&quot;slideshow&quot;,&quot;background_slideshow_gallery&quot;:[{&quot;id&quot;:1062,&quot;url&quot;:&quot;https:\\\/\\\/gabitel.net\\\/wp-content\\\/uploads\\\/2025\\\/05\\\/campo.jpg&quot;},{&quot;id&quot;:1063,&quot;url&quot;:&quot;https:\\\/\\\/gabitel.net\\\/wp-content\\\/uploads\\\/2025\\\/05\\\/fibra.jpg&quot;},{&quot;id&quot;:1064,&quot;url&quot;:&quot;https:\\\/\\\/gabitel.net\\\/wp-content\\\/uploads\\\/2025\\\/05\\\/placas.jpg&quot;}],&quot;background_slideshow_ken_burns&quot;:&quot;yes&quot;,&quot;background_slideshow_loop&quot;:&quot;yes&quot;,&quot;background_slideshow_slide_duration&quot;:5000,&quot;background_slideshow_slide_transition&quot;:&quot;fade&quot;,&quot;background_slideshow_transition_duration&quot;:500,&quot;background_slideshow_ken_burns_zoom_direction&quot;:&quot;in&quot;}\">\n\t\t\t\t\t<div class=\"e-con-inner\">\n\t\t\t\t<div class=\"elementor-element elementor-element-59d2a20 elementor-widget__width-inherit elementor-widget elementor-widget-heading\" data-id=\"59d2a20\" data-element_type=\"widget\" data-e-type=\"widget\" data-widget_type=\"heading.default\">\n\t\t\t\t<div class=\"elementor-widget-container\">\n\t\t\t\t\t<h1 class=\"elementor-heading-title elementor-size-default\">INTEGRIERTES MANAGEMENTSYSTEM<\/h1>\t\t\t\t<\/div>\n\t\t\t\t<\/div>\n\t\t\t\t\t<\/div>\n\t\t\t\t<\/div>\n\t\t<div class=\"elementor-element elementor-element-352cc20 e-flex e-con-boxed e-con e-parent\" data-id=\"352cc20\" data-element_type=\"container\" data-e-type=\"container\">\n\t\t\t\t\t<div class=\"e-con-inner\">\n\t\t\t\t<div class=\"elementor-element elementor-element-51f1526 elementor-widget__width-inherit elementor-widget elementor-widget-image\" data-id=\"51f1526\" data-element_type=\"widget\" data-e-type=\"widget\" data-widget_type=\"image.default\">\n\t\t\t\t<div class=\"elementor-widget-container\">\n\t\t\t\t\t\t\t\t\t\t\t\t\t\t\t<img decoding=\"async\" src=\"https:\/\/gabitel.net\/wp-content\/uploads\/elementor\/thumbs\/sistemagestion1-r85w3dfu1d60omqs50lfucle6sox9uc1xk048we4s8.jpg\" title=\"sistemagestion1\" alt=\"sistemagestion1\" loading=\"lazy\" \/>\t\t\t\t\t\t\t\t\t\t\t\t\t\t\t<\/div>\n\t\t\t\t<\/div>\n\t\t\t\t<div class=\"elementor-element elementor-element-eb278d6 elementor-widget__width-inherit elementor-widget elementor-widget-text-editor\" data-id=\"eb278d6\" data-element_type=\"widget\" data-e-type=\"widget\" data-widget_type=\"text-editor.default\">\n\t\t\t\t<div class=\"elementor-widget-container\">\n\t\t\t\t\t\t\t\t\t<p>Wir sind ein Unternehmen, das im Jahr 2001 mit dem klaren Ziel gegr\u00fcndet wurde, das f\u00fchrende Qualit\u00e4tsunternehmen f\u00fcr Telekommunikationstechnik in der Provinz Huelva zu werden. Dieses Engagement f\u00fcr die Qualit\u00e4t der Pr\u00e4sentation, der Inhalte und der Fristen hat dazu gef\u00fchrt, dass wir das f\u00fchrende Unternehmen bei der Durchf\u00fchrung von Projekten der gemeinsamen Telekommunikationsinfrastruktur (ICT) in der Provinz geworden sind. Die st\u00e4ndige Weiterentwicklung des Unternehmens und die Treue seiner Kunden haben es Gabitel Ingenieros erm\u00f6glicht, die angebotenen Dienstleistungen im Bereich des Bauwesens und der Industrietechnik zu erweitern, den Aktionsradius auf andere Provinzen auszudehnen und neue T\u00e4tigkeitsbereiche zu konsolidieren, wie z. B. den Bereich der elektrotechnischen Projekte, der erneuerbaren Energien, der Akustik und der Telekommunikationsprojekte. Gegenw\u00e4rtig verf\u00fcgt Gabitel Ingenieros \u00fcber ein Arbeitsteam, das in verschiedenen Bereichen geschult ist, um die Bed\u00fcrfnisse jedes Unternehmen zu decken, die die Zusammenarbeit mit Qualit\u00e4tsingenieuren in verschiedenen Sektoren ben\u00f6tigen.<\/p>\t\t\t\t\t\t\t\t<\/div>\n\t\t\t\t<\/div>\n\t\t\t\t\t<\/div>\n\t\t\t\t<\/div>\n\t\t<div class=\"elementor-element elementor-element-6cd6fd2 e-flex e-con-boxed e-con e-parent\" data-id=\"6cd6fd2\" data-element_type=\"container\" data-e-type=\"container\">\n\t\t\t\t\t<div class=\"e-con-inner\">\n\t\t\t\t<div class=\"elementor-element elementor-element-d1defed elementor-widget elementor-widget-heading\" data-id=\"d1defed\" data-element_type=\"widget\" data-e-type=\"widget\" data-widget_type=\"heading.default\">\n\t\t\t\t<div class=\"elementor-widget-container\">\n\t\t\t\t\t<h4 class=\"elementor-heading-title elementor-size-default\">QUALIT\u00c4TS-, UMWELT-, ENERGIEMANAGEMENT UND F+E+I-MANAGEMENTPOLITIK<\/h4>\t\t\t\t<\/div>\n\t\t\t\t<\/div>\n\t\t\t\t<div class=\"elementor-element elementor-element-b28f496 elementor-widget elementor-widget-text-editor\" data-id=\"b28f496\" data-element_type=\"widget\" data-e-type=\"widget\" data-widget_type=\"text-editor.default\">\n\t\t\t\t<div class=\"elementor-widget-container\">\n\t\t\t\t\t\t\t\t\t<p>Die Qualit\u00e4ts-, Umwelt-, Energiemanagement- und F+E+I-Managementpolitik von Gabitel Soluciones T\u00e9cnicas, S.L., hat als Hauptziel die Anpassung der Kriterien, die durch die internationalen Normen UNE-EN-ISO 9.001, UNE-EN-ISO 14.001 und UNE-EN-ISO 50. 001 UNE-EN-ISO 166002 f\u00fcr das Qualit\u00e4tsmanagement, das Umwelt- und Energiemanagement bzw. das F&amp;E&amp;I-Management definiert sind, und zwar mit dem Hauptziel, die Bed\u00fcrfnisse aller Unternehmen und Personen, f\u00fcr die es arbeitet, zu befriedigen, indem es sich auf das Qualit\u00e4ts-, Umwelt-, Energiemanagement- und F+E+I-System als eine Art und Weise der Organisation ihres Gesch\u00e4ftslebens konzentriert, die auf der Beteiligung und Zusammenarbeit aller beruht, und den Erfolg unserer Arbeit auf die S\u00e4ulen der Motivation, der Ausbildung und der Kommunikation zwischen allen beteiligten Parteien st\u00fctzt.<\/p><p>Das vorliegende Dokument bildet den Bezugsrahmen f\u00fcr die Festlegung von Zielen und Vorgaben f\u00fcr Qualit\u00e4t, Umwelt, Energiemanagement und F+E+I sowie f\u00fcr deren \u00dcberwachung und \u00dcberpr\u00fcfung.<\/p><p>Die Gesch\u00e4ftsf\u00fchrung legt diese Qualit\u00e4ts-, Umwelt- und Energiemanagement- sowie F&amp;E&amp;I-Politik mit den folgenden Verpflichtungen fest:<\/p><ul><li>Einhaltung sowohl der von den Kunden festgelegten Anforderungen als auch der geltenden Gesetze und Vorschriften sowie anderer Anforderungen, denen sich die Unternehmen verpflichtet haben, und freiwillig \u00fcbernommener Verpflichtungen in Bezug auf die Umwelt und die effiziente, sichere und verantwortungsvolle Nutzung von Ressourcen, Projekten und Dienstleistungen.<\/li><li>Das Engagement, die Motivation und die Ausbildung der Mitarbeiter.<\/li><li>Die Erf\u00fcllung der Ziele, die f\u00fcr jedes Projekt oder jede Dienstleistung vorgesehen sind, sowie die Ziele, die mit dem Managementsystem, der Einbeziehung, Motivation und Ausbildung des Personals zusammenh\u00e4ngen.<\/li><li>Die Zufriedenheit unserer Kunden durch die Verbesserung ihrer Wettbewerbsf\u00e4higkeit zu erreichen.<\/li><li>F\u00f6rderung der kontinuierlichen Verbesserung der Qualit\u00e4t seiner Dienstleistungen, Projekte und Produkte sowie der Wirksamkeit des Integrierten Managementsystems f\u00fcr Qualit\u00e4t, Umwelt, Energiemanagement und F+E+i. Ergreifung der notwendigen Ma\u00dfnahmen, um die negativen Auswirkungen auf die Umwelt, die die Aus\u00fcbung seiner Aktivit\u00e4ten auf die Umwelt haben k\u00f6nnte, zu verhindern.<\/li><li>Kontinuierliche Verbesserung der Energieleistung, wobei die Bem\u00fchungen auf eine effiziente Nutzung der f\u00fcr die Entwicklung der Aktivit\u00e4ten und Dienstleistungen erforderlichen Energieressourcen ausgerichtet sind.<\/li><li>Die Bereitstellung modernster technologischer Ausr\u00fcstung.<\/li><\/ul><p>\u00a0<\/p><p>Die Gesch\u00e4ftsleitung stellt sicher, dass diese Politik umgesetzt, verbreitet und von allen Mitarbeitern beider Unternehmen verstanden wird und dass sie \u00fcberpr\u00fcft und aktualisiert wird, um sie korrekt anzupassen.<\/p>\t\t\t\t\t\t\t\t<\/div>\n\t\t\t\t<\/div>\n\t\t\t\t\t<\/div>\n\t\t\t\t<\/div>\n\t\t<div class=\"elementor-element elementor-element-6676759 e-flex e-con-boxed e-con e-parent\" data-id=\"6676759\" data-element_type=\"container\" data-e-type=\"container\">\n\t\t\t\t\t<div class=\"e-con-inner\">\n\t\t\t\t<div class=\"elementor-element elementor-element-2b67c34 elementor-widget-divider--view-line elementor-widget elementor-widget-divider\" data-id=\"2b67c34\" data-element_type=\"widget\" data-e-type=\"widget\" data-widget_type=\"divider.default\">\n\t\t\t\t<div class=\"elementor-widget-container\">\n\t\t\t\t\t\t\t<div class=\"elementor-divider\">\n\t\t\t<span class=\"elementor-divider-separator\">\n\t\t\t\t\t\t<\/span>\n\t\t<\/div>\n\t\t\t\t\t\t<\/div>\n\t\t\t\t<\/div>\n\t\t\t\t\t<\/div>\n\t\t\t\t<\/div>\n\t\t<div class=\"elementor-element elementor-element-7cbabb6 e-flex e-con-boxed e-con e-parent\" data-id=\"7cbabb6\" data-element_type=\"container\" data-e-type=\"container\">\n\t\t\t\t\t<div class=\"e-con-inner\">\n\t\t\t\t<div class=\"elementor-element elementor-element-9b2d820 elementor-widget elementor-widget-heading\" data-id=\"9b2d820\" data-element_type=\"widget\" data-e-type=\"widget\" data-widget_type=\"heading.default\">\n\t\t\t\t<div class=\"elementor-widget-container\">\n\t\t\t\t\t<h4 class=\"elementor-heading-title elementor-size-default\">INFORMATIONSSICHERHEITSPOLITIK<\/h4>\t\t\t\t<\/div>\n\t\t\t\t<\/div>\n\t\t\t\t<div class=\"elementor-element elementor-element-7d9b733 elementor-widget elementor-widget-text-editor\" data-id=\"7d9b733\" data-element_type=\"widget\" data-e-type=\"widget\" data-widget_type=\"text-editor.default\">\n\t\t\t\t<div class=\"elementor-widget-container\">\n\t\t\t\t\t\t\t\t\t<p>Die Gesch\u00e4ftsleitung von Gabitel Soluciones T\u00e9cnicas S.L. ist sich seit ihrer Gr\u00fcndung der Verantwortung bewusst, die sie gegen\u00fcber ihren Kunden und Mitarbeitern hat, und h\u00e4lt es f\u00fcr besonders wichtig, sowohl die Erreichung der Ziele des Unternehmens als auch die Gew\u00e4hrleistung der Garantien und Rechte der Kunden und Mitarbeiter, die Sicherheit der Informationen der Organisation zu garantieren.<\/p><p>Ziel ist es, die externe Anerkennung von Gabitel Soluciones T\u00e9cnicas in dem Bereich, in dem es t\u00e4tig ist, zu erreichen, sowohl unter dem Gesichtspunkt der Qualit\u00e4t der erbrachten Dienstleistung als auch der kontinuierlichen Verbesserung seiner Kapazit\u00e4ten zur Gew\u00e4hrleistung der Vertraulichkeit, Integrit\u00e4t, Verf\u00fcgbarkeit und Authentizit\u00e4t der Daten, Verm\u00f6genswerte und Informationssysteme, mit denen die Organisation arbeitet.<\/p><p>Auf diese Weise ist die Informationssicherheit eine Priorit\u00e4t f\u00fcr Gabitel Soluciones T\u00e9cnicas. Die Gesch\u00e4ftsf\u00fchrung des Unternehmens legt diese Politik der Informationssicherheit mit den folgenden Verpflichtungen fest:<\/p><ul><li>Sicherstellung und Gew\u00e4hrleistung der Vertraulichkeit, Integrit\u00e4t, Verf\u00fcgbarkeit und Authentizit\u00e4t der Informationen von Gabitel, seinen Kunden und Mitarbeitern in \u00dcbereinstimmung mit den gesch\u00e4ftlichen Anforderungen und den geltenden Gesetzen, Regeln und Vorschriften unter Beachtung der besten Marktpraktiken. Insbesondere: ISO 27001, ISO 27002, RGPD und LOPDGDD.<\/li><li>Abgleich der Informationssicherheitsziele mit den Gesch\u00e4ftszielen.<\/li><li>Einf\u00fchrung eines Verfahrens zur Analyse und Verwaltung von Risiken, die das Unternehmen bei der Erreichung der Ziele der Informationssicherheit beeintr\u00e4chtigen k\u00f6nnten, Identifizierung dieser Risiken und Einf\u00fchrung von Kontrollen, Einf\u00fchrung von Verfahren zu ihrer Neubewertung und Aufrechterhaltung des Risikos auf einem akzeptablen Niveau.<\/li><li>Dass Gabitel und seine Mitarbeiter alle geltenden gesetzlichen, beh\u00f6rdlichen und satzungsm\u00e4\u00dfigen Anforderungen in Bezug auf die Informationssicherheit, den Schutz personenbezogener Daten und die Gew\u00e4hrleistung digitaler Rechte sowie die diesbez\u00fcglichen vertraglichen Anforderungen mit Dritten und die freiwillig eingegangenen Verpflichtungen einhalten werden.<\/li><li>Die Aufgaben, Zust\u00e4ndigkeiten und Pflichten des Personals klar zu definieren und f\u00fcr ihre Einhaltung in Bezug auf die Informationssicherheit verantwortlich zu sein<\/li><li>Dass das Personal mit Verantwortlichkeiten im Bereich der Informationssicherheit \u00fcber die entsprechenden Qualifikationen und Schulungen f\u00fcr die Aus\u00fcbung seiner Funktion verf\u00fcgt.<\/li><li>Dass die Informationen, deren Eigent\u00fcmer und\/oder Verwahrer Gabitel Soluciones T\u00e9cnicas ist, ausschlie\u00dflich ordnungsgem\u00e4\u00df autorisierten Personen zug\u00e4nglich sein m\u00fcssen; und die Informationen werden f\u00fcr die entsprechenden Zwecke verwendet.<\/li><li>Dass alle Mitarbeiter von Gabitel Soluciones T\u00e9cnicas in \u00dcbereinstimmung mit den Anforderungen f\u00fcr ihre T\u00e4tigkeit in Bezug auf Informationssicherheit und Schutz personenbezogener Daten sensibilisiert und geschult werden.<\/li><li>Dass sie mit den notwendigen Ressourcen ausgestattet wird, um die Ziele der Informationssicherheit zu erreichen.<\/li><li>Verbesserung der Wirksamkeit und Effizienz der implementierten Sicherheitskontrollen zur Anpassung an die Entwicklung der Risiken und an neue technologische Umgebungen.<\/li><\/ul><p>Um diese Ziele zu erreichen, ist das Engagement, die Beteiligung und die Verantwortung der Mitarbeiter von Gabitel Soluciones T\u00e9cnicas erforderlich, um ein hohes Ma\u00df an Qualit\u00e4t und ethischem Verhalten zu erreichen, immer im Rahmen der f\u00fcr die Informationssicherheit geltenden Vorschriften.<\/p><p>Die Gesch\u00e4ftsleitung stellt sicher, dass diese Richtlinie von allen Mitarbeitern des Unternehmens umgesetzt, verbreitet und verstanden wird, sowie dass sie \u00fcberpr\u00fcft und aktualisiert wird, um sicherzustellen, dass sie korrekt an die Gegenwart der Organisation angepasst ist.<\/p><p>Die Informationssicherheitspolitik von Gabitel Soluciones T\u00e9cnicas, S.L. entwickelt sich st\u00e4ndig mit dem Unternehmen weiter, so dass sie auf ihre kontinuierliche Anpassung \u00fcberpr\u00fcft wird, an einer f\u00fcr alle Mitarbeiter sichtbaren Stelle sichtbar bleibt und kommuniziert wird, damit sie auf allen Ebenen der Organisation verstanden wird.<\/p>\t\t\t\t\t\t\t\t<\/div>\n\t\t\t\t<\/div>\n\t\t\t\t\t<\/div>\n\t\t\t\t<\/div>\n\t\t<div class=\"elementor-element elementor-element-a391768 e-flex e-con-boxed e-con e-parent\" data-id=\"a391768\" data-element_type=\"container\" data-e-type=\"container\">\n\t\t\t\t\t<div class=\"e-con-inner\">\n\t\t\t\t<div class=\"elementor-element elementor-element-bba16b0 elementor-widget-divider--view-line elementor-widget elementor-widget-divider\" data-id=\"bba16b0\" data-element_type=\"widget\" data-e-type=\"widget\" data-widget_type=\"divider.default\">\n\t\t\t\t<div class=\"elementor-widget-container\">\n\t\t\t\t\t\t\t<div class=\"elementor-divider\">\n\t\t\t<span class=\"elementor-divider-separator\">\n\t\t\t\t\t\t<\/span>\n\t\t<\/div>\n\t\t\t\t\t\t<\/div>\n\t\t\t\t<\/div>\n\t\t\t\t\t<\/div>\n\t\t\t\t<\/div>\n\t\t<div class=\"elementor-element elementor-element-0f2fd83 e-flex e-con-boxed e-con e-parent\" data-id=\"0f2fd83\" data-element_type=\"container\" data-e-type=\"container\">\n\t\t\t\t\t<div class=\"e-con-inner\">\n\t\t\t\t<div class=\"elementor-element elementor-element-5effcbf elementor-widget elementor-widget-heading\" data-id=\"5effcbf\" data-element_type=\"widget\" data-e-type=\"widget\" data-widget_type=\"heading.default\">\n\t\t\t\t<div class=\"elementor-widget-container\">\n\t\t\t\t\t<h4 class=\"elementor-heading-title elementor-size-default\">GLEICHSTELLUNGSPOLITIK<\/h4>\t\t\t\t<\/div>\n\t\t\t\t<\/div>\n\t\t\t\t<div class=\"elementor-element elementor-element-baa5bbd elementor-widget elementor-widget-text-editor\" data-id=\"baa5bbd\" data-element_type=\"widget\" data-e-type=\"widget\" data-widget_type=\"text-editor.default\">\n\t\t\t\t<div class=\"elementor-widget-container\">\n\t\t\t\t\t\t\t\t\t<p>Vielfalt ist einer der Kernwerte von GABITEL. Jeder Mensch ist einzigartig und anders, unabh\u00e4ngig von Geschlecht, Nationalit\u00e4t, Glauben, Kultur und Meinung. Diese Besonderheiten sind es, die uns sowohl beruflich als auch pers\u00f6nlich bereichern und die wir wertsch\u00e4tzen und respektieren m\u00fcssen.<\/p><p>Wie in unserem Gleichstellungsplan angegeben, setzt sich GABITEL f\u00fcr einen sicheren, gesunden und menschenw\u00fcrdigen Arbeitsplatz ein. In diesem Sinne haben die Menschen, die GABITEL ausmachen, die M\u00f6glichkeit, ihre F\u00e4higkeiten in einem angenehmen und integrativen Arbeitsumfeld, frei von jeglicher Art von Diskriminierung, voll zu entfalten.<\/p><p>Zu diesem Zweck verpflichtet sich GABITEL, die Chancengleichheit und Gleichbehandlung der Menschen, aus denen es besteht, sowie die Entwicklung seiner Aktivit\u00e4ten zu f\u00f6rdern.<\/p><p>Die Gleichstellungspolitik von GABITEL st\u00fctzt sich auf die folgenden Grunds\u00e4tze:<\/p><ul><li>Bedingungen f\u00fcr den Zugang zum Unternehmen ohne diskriminierende Unterschiede.<\/li><li>Arbeitsbedingungen und L\u00f6hne ohne Diskriminierung.<\/li><li>Schaffung der notwendigen Voraussetzungen, um Chancengleichheit beim Zugang zu Verantwortungs- und F\u00fchrungspositionen zu gew\u00e4hrleisten.<\/li><li>Verabschiedung von Ma\u00dfnahmen zur Umverteilung der Arbeitszeit, die die Vereinbarkeit von Berufs-, Privat- und Familienleben beg\u00fcnstigen.<\/li><li>Chancengleichheit beim Zugang zur Ausbildung.<\/li><li>Verwendung einer integrativen und nichtdiskriminierenden Kommunikation.<\/li><li>Verabschiedung von Ma\u00dfnahmen zur Verhinderung und Bek\u00e4mpfung jeglicher Art von Bel\u00e4stigung am Arbeitsplatz.<\/li><\/ul><p>Die Gleichstellungspolitik muss von allen Beteiligten von GABITEL eingehalten werden, sowohl intern als auch in den Beziehungen zu Kunden und Lieferanten.<\/p><p>Diese Politik muss allen Personen, die zu Gabitel geh\u00f6ren, mitgeteilt und bekannt gemacht werden.<\/p>\t\t\t\t\t\t\t\t<\/div>\n\t\t\t\t<\/div>\n\t\t\t\t\t<\/div>\n\t\t\t\t<\/div>\n\t\t\t\t<\/div>\n\t\t","protected":false},"excerpt":{"rendered":"<p>INTEGRIERTES MANAGEMENTSYSTEM Wir sind ein Unternehmen, das im Jahr 2001 mit dem klaren Ziel gegr\u00fcndet wurde, das f\u00fchrende Qualit\u00e4tsunternehmen f\u00fcr Telekommunikationstechnik in der Provinz Huelva zu werden. Dieses Engagement f\u00fcr die Qualit\u00e4t der Pr\u00e4sentation, der Inhalte und der Fristen hat dazu gef\u00fchrt, dass wir das f\u00fchrende Unternehmen bei der Durchf\u00fchrung von Projekten der gemeinsamen Telekommunikationsinfrastruktur [&hellip;]<\/p>\n","protected":false},"author":2,"featured_media":0,"parent":0,"menu_order":0,"comment_status":"closed","ping_status":"closed","template":"","meta":{"content-type":"","footnotes":""},"class_list":["post-31762","page","type-page","status-publish","hentry"],"yoast_head":"<!-- This site is optimized with the Yoast SEO plugin v27.5 - https:\/\/yoast.com\/product\/yoast-seo-wordpress\/ -->\n<title>Integriertes Managementsystem - Gabitel<\/title>\n<meta name=\"robots\" content=\"index, follow, max-snippet:-1, max-image-preview:large, max-video-preview:-1\" \/>\n<link rel=\"canonical\" href=\"https:\/\/gabitel.net\/de\/integriertes-managementsystem\/\" \/>\n<meta property=\"og:locale\" content=\"de_DE\" \/>\n<meta property=\"og:type\" content=\"article\" \/>\n<meta property=\"og:title\" content=\"Integriertes Managementsystem - Gabitel\" \/>\n<meta property=\"og:description\" content=\"INTEGRIERTES MANAGEMENTSYSTEM Wir sind ein Unternehmen, das im Jahr 2001 mit dem klaren Ziel gegr\u00fcndet wurde, das f\u00fchrende Qualit\u00e4tsunternehmen f\u00fcr Telekommunikationstechnik in der Provinz Huelva zu werden. Dieses Engagement f\u00fcr die Qualit\u00e4t der Pr\u00e4sentation, der Inhalte und der Fristen hat dazu gef\u00fchrt, dass wir das f\u00fchrende Unternehmen bei der Durchf\u00fchrung von Projekten der gemeinsamen Telekommunikationsinfrastruktur [&hellip;]\" \/>\n<meta property=\"og:url\" content=\"https:\/\/gabitel.net\/de\/integriertes-managementsystem\/\" \/>\n<meta property=\"og:site_name\" content=\"Gabitel\" \/>\n<meta property=\"article:publisher\" content=\"https:\/\/www.facebook.com\/gabitelingenieros\/\" \/>\n<meta property=\"article:modified_time\" content=\"2025-07-15T06:43:03+00:00\" \/>\n<meta property=\"og:image\" content=\"https:\/\/gabitel.net\/wp-content\/uploads\/elementor\/thumbs\/sistemagestion1-r85w3dfu1d60omqs50lfucle6sox9uc1xk048we4s8.jpg\" \/>\n<meta name=\"twitter:card\" content=\"summary_large_image\" \/>\n<meta name=\"twitter:label1\" content=\"Gesch\u00e4tzte Lesezeit\" \/>\n\t<meta name=\"twitter:data1\" content=\"8\u00a0Minuten\" \/>\n<script type=\"application\/ld+json\" class=\"yoast-schema-graph\">{\"@context\":\"https:\\\/\\\/schema.org\",\"@graph\":[{\"@type\":\"WebPage\",\"@id\":\"https:\\\/\\\/gabitel.net\\\/de\\\/integriertes-managementsystem\\\/\",\"url\":\"https:\\\/\\\/gabitel.net\\\/de\\\/integriertes-managementsystem\\\/\",\"name\":\"Integriertes Managementsystem - Gabitel\",\"isPartOf\":{\"@id\":\"https:\\\/\\\/gabitel.net\\\/de\\\/#website\"},\"primaryImageOfPage\":{\"@id\":\"https:\\\/\\\/gabitel.net\\\/de\\\/integriertes-managementsystem\\\/#primaryimage\"},\"image\":{\"@id\":\"https:\\\/\\\/gabitel.net\\\/de\\\/integriertes-managementsystem\\\/#primaryimage\"},\"thumbnailUrl\":\"https:\\\/\\\/gabitel.net\\\/wp-content\\\/uploads\\\/elementor\\\/thumbs\\\/sistemagestion1-r85w3dfu1d60omqs50lfucle6sox9uc1xk048we4s8.jpg\",\"datePublished\":\"2025-06-02T06:37:21+00:00\",\"dateModified\":\"2025-07-15T06:43:03+00:00\",\"breadcrumb\":{\"@id\":\"https:\\\/\\\/gabitel.net\\\/de\\\/integriertes-managementsystem\\\/#breadcrumb\"},\"inLanguage\":\"de\",\"potentialAction\":[{\"@type\":\"ReadAction\",\"target\":[\"https:\\\/\\\/gabitel.net\\\/de\\\/integriertes-managementsystem\\\/\"]}]},{\"@type\":\"ImageObject\",\"inLanguage\":\"de\",\"@id\":\"https:\\\/\\\/gabitel.net\\\/de\\\/integriertes-managementsystem\\\/#primaryimage\",\"url\":\"https:\\\/\\\/gabitel.net\\\/wp-content\\\/uploads\\\/elementor\\\/thumbs\\\/sistemagestion1-r85w3dfu1d60omqs50lfucle6sox9uc1xk048we4s8.jpg\",\"contentUrl\":\"https:\\\/\\\/gabitel.net\\\/wp-content\\\/uploads\\\/elementor\\\/thumbs\\\/sistemagestion1-r85w3dfu1d60omqs50lfucle6sox9uc1xk048we4s8.jpg\"},{\"@type\":\"BreadcrumbList\",\"@id\":\"https:\\\/\\\/gabitel.net\\\/de\\\/integriertes-managementsystem\\\/#breadcrumb\",\"itemListElement\":[{\"@type\":\"ListItem\",\"position\":1,\"name\":\"Portada\",\"item\":\"https:\\\/\\\/gabitel.net\\\/de\\\/\"},{\"@type\":\"ListItem\",\"position\":2,\"name\":\"Integriertes Managementsystem\"}]},{\"@type\":\"WebSite\",\"@id\":\"https:\\\/\\\/gabitel.net\\\/de\\\/#website\",\"url\":\"https:\\\/\\\/gabitel.net\\\/de\\\/\",\"name\":\"Gabitel\",\"description\":\"\",\"publisher\":{\"@id\":\"https:\\\/\\\/gabitel.net\\\/de\\\/#organization\"},\"potentialAction\":[{\"@type\":\"SearchAction\",\"target\":{\"@type\":\"EntryPoint\",\"urlTemplate\":\"https:\\\/\\\/gabitel.net\\\/de\\\/?s={search_term_string}\"},\"query-input\":{\"@type\":\"PropertyValueSpecification\",\"valueRequired\":true,\"valueName\":\"search_term_string\"}}],\"inLanguage\":\"de\"},{\"@type\":\"Organization\",\"@id\":\"https:\\\/\\\/gabitel.net\\\/de\\\/#organization\",\"name\":\"Gabitel\",\"url\":\"https:\\\/\\\/gabitel.net\\\/de\\\/\",\"logo\":{\"@type\":\"ImageObject\",\"inLanguage\":\"de\",\"@id\":\"https:\\\/\\\/gabitel.net\\\/de\\\/#\\\/schema\\\/logo\\\/image\\\/\",\"url\":\"https:\\\/\\\/gabitel.net\\\/wp-content\\\/uploads\\\/2025\\\/05\\\/logo_gabitel.jpg\",\"contentUrl\":\"https:\\\/\\\/gabitel.net\\\/wp-content\\\/uploads\\\/2025\\\/05\\\/logo_gabitel.jpg\",\"width\":2560,\"height\":1330,\"caption\":\"Gabitel\"},\"image\":{\"@id\":\"https:\\\/\\\/gabitel.net\\\/de\\\/#\\\/schema\\\/logo\\\/image\\\/\"},\"sameAs\":[\"https:\\\/\\\/www.facebook.com\\\/gabitelingenieros\\\/\",\"https:\\\/\\\/es.linkedin.com\\\/company\\\/gabitel-ingenieros\"]}]}<\/script>\n<!-- \/ Yoast SEO plugin. -->","yoast_head_json":{"title":"Integriertes Managementsystem - Gabitel","robots":{"index":"index","follow":"follow","max-snippet":"max-snippet:-1","max-image-preview":"max-image-preview:large","max-video-preview":"max-video-preview:-1"},"canonical":"https:\/\/gabitel.net\/de\/integriertes-managementsystem\/","og_locale":"de_DE","og_type":"article","og_title":"Integriertes Managementsystem - Gabitel","og_description":"INTEGRIERTES MANAGEMENTSYSTEM Wir sind ein Unternehmen, das im Jahr 2001 mit dem klaren Ziel gegr\u00fcndet wurde, das f\u00fchrende Qualit\u00e4tsunternehmen f\u00fcr Telekommunikationstechnik in der Provinz Huelva zu werden. Dieses Engagement f\u00fcr die Qualit\u00e4t der Pr\u00e4sentation, der Inhalte und der Fristen hat dazu gef\u00fchrt, dass wir das f\u00fchrende Unternehmen bei der Durchf\u00fchrung von Projekten der gemeinsamen Telekommunikationsinfrastruktur [&hellip;]","og_url":"https:\/\/gabitel.net\/de\/integriertes-managementsystem\/","og_site_name":"Gabitel","article_publisher":"https:\/\/www.facebook.com\/gabitelingenieros\/","article_modified_time":"2025-07-15T06:43:03+00:00","og_image":[{"url":"https:\/\/gabitel.net\/wp-content\/uploads\/elementor\/thumbs\/sistemagestion1-r85w3dfu1d60omqs50lfucle6sox9uc1xk048we4s8.jpg","type":"","width":"","height":""}],"twitter_card":"summary_large_image","twitter_misc":{"Gesch\u00e4tzte Lesezeit":"8\u00a0Minuten"},"schema":{"@context":"https:\/\/schema.org","@graph":[{"@type":"WebPage","@id":"https:\/\/gabitel.net\/de\/integriertes-managementsystem\/","url":"https:\/\/gabitel.net\/de\/integriertes-managementsystem\/","name":"Integriertes Managementsystem - Gabitel","isPartOf":{"@id":"https:\/\/gabitel.net\/de\/#website"},"primaryImageOfPage":{"@id":"https:\/\/gabitel.net\/de\/integriertes-managementsystem\/#primaryimage"},"image":{"@id":"https:\/\/gabitel.net\/de\/integriertes-managementsystem\/#primaryimage"},"thumbnailUrl":"https:\/\/gabitel.net\/wp-content\/uploads\/elementor\/thumbs\/sistemagestion1-r85w3dfu1d60omqs50lfucle6sox9uc1xk048we4s8.jpg","datePublished":"2025-06-02T06:37:21+00:00","dateModified":"2025-07-15T06:43:03+00:00","breadcrumb":{"@id":"https:\/\/gabitel.net\/de\/integriertes-managementsystem\/#breadcrumb"},"inLanguage":"de","potentialAction":[{"@type":"ReadAction","target":["https:\/\/gabitel.net\/de\/integriertes-managementsystem\/"]}]},{"@type":"ImageObject","inLanguage":"de","@id":"https:\/\/gabitel.net\/de\/integriertes-managementsystem\/#primaryimage","url":"https:\/\/gabitel.net\/wp-content\/uploads\/elementor\/thumbs\/sistemagestion1-r85w3dfu1d60omqs50lfucle6sox9uc1xk048we4s8.jpg","contentUrl":"https:\/\/gabitel.net\/wp-content\/uploads\/elementor\/thumbs\/sistemagestion1-r85w3dfu1d60omqs50lfucle6sox9uc1xk048we4s8.jpg"},{"@type":"BreadcrumbList","@id":"https:\/\/gabitel.net\/de\/integriertes-managementsystem\/#breadcrumb","itemListElement":[{"@type":"ListItem","position":1,"name":"Portada","item":"https:\/\/gabitel.net\/de\/"},{"@type":"ListItem","position":2,"name":"Integriertes Managementsystem"}]},{"@type":"WebSite","@id":"https:\/\/gabitel.net\/de\/#website","url":"https:\/\/gabitel.net\/de\/","name":"Gabitel","description":"","publisher":{"@id":"https:\/\/gabitel.net\/de\/#organization"},"potentialAction":[{"@type":"SearchAction","target":{"@type":"EntryPoint","urlTemplate":"https:\/\/gabitel.net\/de\/?s={search_term_string}"},"query-input":{"@type":"PropertyValueSpecification","valueRequired":true,"valueName":"search_term_string"}}],"inLanguage":"de"},{"@type":"Organization","@id":"https:\/\/gabitel.net\/de\/#organization","name":"Gabitel","url":"https:\/\/gabitel.net\/de\/","logo":{"@type":"ImageObject","inLanguage":"de","@id":"https:\/\/gabitel.net\/de\/#\/schema\/logo\/image\/","url":"https:\/\/gabitel.net\/wp-content\/uploads\/2025\/05\/logo_gabitel.jpg","contentUrl":"https:\/\/gabitel.net\/wp-content\/uploads\/2025\/05\/logo_gabitel.jpg","width":2560,"height":1330,"caption":"Gabitel"},"image":{"@id":"https:\/\/gabitel.net\/de\/#\/schema\/logo\/image\/"},"sameAs":["https:\/\/www.facebook.com\/gabitelingenieros\/","https:\/\/es.linkedin.com\/company\/gabitel-ingenieros"]}]}},"_links":{"self":[{"href":"https:\/\/gabitel.net\/de\/wp-json\/wp\/v2\/pages\/31762","targetHints":{"allow":["GET"]}}],"collection":[{"href":"https:\/\/gabitel.net\/de\/wp-json\/wp\/v2\/pages"}],"about":[{"href":"https:\/\/gabitel.net\/de\/wp-json\/wp\/v2\/types\/page"}],"author":[{"embeddable":true,"href":"https:\/\/gabitel.net\/de\/wp-json\/wp\/v2\/users\/2"}],"replies":[{"embeddable":true,"href":"https:\/\/gabitel.net\/de\/wp-json\/wp\/v2\/comments?post=31762"}],"version-history":[{"count":5,"href":"https:\/\/gabitel.net\/de\/wp-json\/wp\/v2\/pages\/31762\/revisions"}],"predecessor-version":[{"id":32208,"href":"https:\/\/gabitel.net\/de\/wp-json\/wp\/v2\/pages\/31762\/revisions\/32208"}],"wp:attachment":[{"href":"https:\/\/gabitel.net\/de\/wp-json\/wp\/v2\/media?parent=31762"}],"curies":[{"name":"wp","href":"https:\/\/api.w.org\/{rel}","templated":true}]}}