{"id":31765,"date":"2025-06-02T09:28:01","date_gmt":"2025-06-02T07:28:01","guid":{"rendered":"https:\/\/gabitel.net\/premios-y-reconocimientos\/"},"modified":"2026-01-07T12:48:42","modified_gmt":"2026-01-07T11:48:42","slug":"auszeichnungen-und-anerkennungen","status":"publish","type":"page","link":"https:\/\/gabitel.net\/de\/auszeichnungen-und-anerkennungen\/","title":{"rendered":"Auszeichnungen und Anerkennungen"},"content":{"rendered":"\t\t<div data-elementor-type=\"wp-page\" data-elementor-id=\"31765\" class=\"elementor elementor-31765 elementor-1100\" data-elementor-post-type=\"page\">\n\t\t\t\t<div class=\"elementor-element elementor-element-66669a2 e-flex e-con-boxed e-con e-parent\" data-id=\"66669a2\" data-element_type=\"container\" data-e-type=\"container\" data-settings=\"{&quot;background_background&quot;:&quot;slideshow&quot;,&quot;background_slideshow_gallery&quot;:[{&quot;id&quot;:33342,&quot;url&quot;:&quot;https:\\\/\\\/gabitel.net\\\/wp-content\\\/uploads\\\/2025\\\/05\\\/campo.jpg&quot;},{&quot;id&quot;:33343,&quot;url&quot;:&quot;https:\\\/\\\/gabitel.net\\\/wp-content\\\/uploads\\\/2025\\\/05\\\/fibra.jpg&quot;},{&quot;id&quot;:33344,&quot;url&quot;:&quot;https:\\\/\\\/gabitel.net\\\/wp-content\\\/uploads\\\/2025\\\/05\\\/placas.jpg&quot;}],&quot;background_slideshow_ken_burns&quot;:&quot;yes&quot;,&quot;background_slideshow_loop&quot;:&quot;yes&quot;,&quot;background_slideshow_slide_duration&quot;:5000,&quot;background_slideshow_slide_transition&quot;:&quot;fade&quot;,&quot;background_slideshow_transition_duration&quot;:500,&quot;background_slideshow_ken_burns_zoom_direction&quot;:&quot;in&quot;}\">\n\t\t\t\t\t<div class=\"e-con-inner\">\n\t\t\t\t<div class=\"elementor-element elementor-element-59d2a20 elementor-widget__width-inherit elementor-widget elementor-widget-heading\" data-id=\"59d2a20\" data-element_type=\"widget\" data-e-type=\"widget\" data-widget_type=\"heading.default\">\n\t\t\t\t<div class=\"elementor-widget-container\">\n\t\t\t\t\t<h1 class=\"elementor-heading-title elementor-size-default\">PREISE UND AUSZEICHNUNGEN<\/h1>\t\t\t\t<\/div>\n\t\t\t\t<\/div>\n\t\t\t\t\t<\/div>\n\t\t\t\t<\/div>\n\t\t<div class=\"elementor-element elementor-element-2fd37e1 e-flex e-con-boxed e-con e-parent\" data-id=\"2fd37e1\" data-element_type=\"container\" data-e-type=\"container\">\n\t\t\t\t\t<div class=\"e-con-inner\">\n\t\t<div class=\"elementor-element elementor-element-e9e7212 e-grid e-con-full e-con e-child\" data-id=\"e9e7212\" data-element_type=\"container\" data-e-type=\"container\">\n\t\t<div class=\"elementor-element elementor-element-b378f11 e-con-full e-flex e-con e-child\" data-id=\"b378f11\" data-element_type=\"container\" data-e-type=\"container\">\n\t\t\t\t<div class=\"elementor-element elementor-element-fb01788 elementor-widget elementor-widget-image\" data-id=\"fb01788\" data-element_type=\"widget\" data-e-type=\"widget\" data-widget_type=\"image.default\">\n\t\t\t\t<div class=\"elementor-widget-container\">\n\t\t\t\t\t\t\t\t\t\t\t\t\t\t\t<img fetchpriority=\"high\" decoding=\"async\" width=\"300\" height=\"175\" src=\"https:\/\/gabitel.net\/wp-content\/uploads\/2025\/06\/Ayuntamiento_Huelva_Logo-300x175.png\" class=\"attachment-medium size-medium wp-image-31766\" alt=\"Ayuntamiento_Huelva_Logo\" srcset=\"https:\/\/gabitel.net\/wp-content\/uploads\/2025\/06\/Ayuntamiento_Huelva_Logo-300x175.png 300w, https:\/\/gabitel.net\/wp-content\/uploads\/2025\/06\/Ayuntamiento_Huelva_Logo.png 452w\" sizes=\"(max-width: 300px) 100vw, 300px\" \/>\t\t\t\t\t\t\t\t\t\t\t\t\t\t\t<\/div>\n\t\t\t\t<\/div>\n\t\t\t\t<div class=\"elementor-element elementor-element-1a2c096 elementor-widget elementor-widget-text-editor\" data-id=\"1a2c096\" data-element_type=\"widget\" data-e-type=\"widget\" data-widget_type=\"text-editor.default\">\n\t\t\t\t<div class=\"elementor-widget-container\">\n\t\t\t\t\t\t\t\t\t<p><strong>MEDAILLE DER STADT HUELVA 2024 F\u00dcR UNTERNEHMERISCHE T\u00c4TIGKEIT,<\/strong> verliehen vom Stadtrat von Huelva  <\/p>\t\t\t\t\t\t\t\t<\/div>\n\t\t\t\t<\/div>\n\t\t\t\t<\/div>\n\t\t<div class=\"elementor-element elementor-element-8c9b0ca e-con-full e-flex e-con e-child\" data-id=\"8c9b0ca\" data-element_type=\"container\" data-e-type=\"container\">\n\t\t\t\t<div class=\"elementor-element elementor-element-fdfa34c elementor-widget elementor-widget-image\" data-id=\"fdfa34c\" data-element_type=\"widget\" data-e-type=\"widget\" data-widget_type=\"image.default\">\n\t\t\t\t<div class=\"elementor-widget-container\">\n\t\t\t\t\t\t\t\t\t\t\t\t\t\t\t<img decoding=\"async\" width=\"274\" height=\"150\" src=\"https:\/\/gabitel.net\/wp-content\/uploads\/2025\/06\/grupojoly.png\" class=\"attachment-medium size-medium wp-image-31767\" alt=\"grupojoly\" \/>\t\t\t\t\t\t\t\t\t\t\t\t\t\t\t<\/div>\n\t\t\t\t<\/div>\n\t\t\t\t<div class=\"elementor-element elementor-element-8aeb289 elementor-widget elementor-widget-text-editor\" data-id=\"8aeb289\" data-element_type=\"widget\" data-e-type=\"widget\" data-widget_type=\"text-editor.default\">\n\t\t\t\t<div class=\"elementor-widget-container\">\n\t\t\t\t\t\t\t\t\t<p><strong>XXXV HUELVA AWARDS OF THE YEAR 2023 IN DER KATEGORIE WIRTSCHAFT UND UNTERNEHMEN verliehen<\/strong> von GRUPO JOLY<\/p>\t\t\t\t\t\t\t\t<\/div>\n\t\t\t\t<\/div>\n\t\t\t\t<\/div>\n\t\t<div class=\"elementor-element elementor-element-47c16ad e-con-full e-flex e-con e-child\" data-id=\"47c16ad\" data-element_type=\"container\" data-e-type=\"container\">\n\t\t\t\t<div class=\"elementor-element elementor-element-8c4cf20 elementor-widget elementor-widget-image\" data-id=\"8c4cf20\" data-element_type=\"widget\" data-e-type=\"widget\" data-widget_type=\"image.default\">\n\t\t\t\t<div class=\"elementor-widget-container\">\n\t\t\t\t\t\t\t\t\t\t\t\t\t\t\t<img decoding=\"async\" width=\"300\" height=\"193\" src=\"https:\/\/gabitel.net\/wp-content\/uploads\/2025\/06\/juntaandalucia-300x193.png\" class=\"attachment-medium size-medium wp-image-31768\" alt=\"juntaandalucia\" srcset=\"https:\/\/gabitel.net\/wp-content\/uploads\/2025\/06\/juntaandalucia-300x193.png 300w, https:\/\/gabitel.net\/wp-content\/uploads\/2025\/06\/juntaandalucia-768x495.png 768w, https:\/\/gabitel.net\/wp-content\/uploads\/2025\/06\/juntaandalucia.png 1006w\" sizes=\"(max-width: 300px) 100vw, 300px\" \/>\t\t\t\t\t\t\t\t\t\t\t\t\t\t\t<\/div>\n\t\t\t\t<\/div>\n\t\t\t\t<div class=\"elementor-element elementor-element-f3ad467 elementor-widget elementor-widget-text-editor\" data-id=\"f3ad467\" data-element_type=\"widget\" data-e-type=\"widget\" data-widget_type=\"text-editor.default\">\n\t\t\t\t<div class=\"elementor-widget-container\">\n\t\t\t\t\t\t\t\t\t<p><strong>FINALIST ALAS AWARD 2023 F\u00dcR DIE INTERNALISIERUNG ANDALUSISCHER UNTERNEHMEN<\/strong> , verliehen von der JUNTA DE ANDALUC\u00cdA<\/p>\t\t\t\t\t\t\t\t<\/div>\n\t\t\t\t<\/div>\n\t\t\t\t<\/div>\n\t\t<div class=\"elementor-element elementor-element-c0abbad e-con-full e-flex e-con e-child\" data-id=\"c0abbad\" data-element_type=\"container\" data-e-type=\"container\">\n\t\t\t\t<div class=\"elementor-element elementor-element-d8f47b0 elementor-widget elementor-widget-image\" data-id=\"d8f47b0\" data-element_type=\"widget\" data-e-type=\"widget\" data-widget_type=\"image.default\">\n\t\t\t\t<div class=\"elementor-widget-container\">\n\t\t\t\t\t\t\t\t\t\t\t\t\t\t\t<img loading=\"lazy\" decoding=\"async\" width=\"300\" height=\"129\" src=\"https:\/\/gabitel.net\/wp-content\/uploads\/2025\/06\/department-for-international-trade-logo-min-300x129.png\" class=\"attachment-medium size-medium wp-image-31769\" alt=\"department-for-international-trade-logo-min\" srcset=\"https:\/\/gabitel.net\/wp-content\/uploads\/2025\/06\/department-for-international-trade-logo-min-300x129.png 300w, https:\/\/gabitel.net\/wp-content\/uploads\/2025\/06\/department-for-international-trade-logo-min-768x331.png 768w, https:\/\/gabitel.net\/wp-content\/uploads\/2025\/06\/department-for-international-trade-logo-min.png 800w\" sizes=\"(max-width: 300px) 100vw, 300px\" \/>\t\t\t\t\t\t\t\t\t\t\t\t\t\t\t<\/div>\n\t\t\t\t<\/div>\n\t\t\t\t<div class=\"elementor-element elementor-element-49744ea elementor-widget elementor-widget-text-editor\" data-id=\"49744ea\" data-element_type=\"widget\" data-e-type=\"widget\" data-widget_type=\"text-editor.default\">\n\t\t\t\t<div class=\"elementor-widget-container\">\n\t\t\t\t\t\t\t\t\t<p><strong>GABITEL&#8217;S INTERNATIONAL EXPANSION AWARD IN THE UK 2021<\/strong> , verliehen von der Abteilung f\u00fcr internationalen Handel der britischen Botschaft in Spanien<\/p>\t\t\t\t\t\t\t\t<\/div>\n\t\t\t\t<\/div>\n\t\t\t\t<\/div>\n\t\t<div class=\"elementor-element elementor-element-3f66bf4 e-con-full e-flex e-con e-child\" data-id=\"3f66bf4\" data-element_type=\"container\" data-e-type=\"container\">\n\t\t\t\t<div class=\"elementor-element elementor-element-865ffde elementor-widget elementor-widget-image\" data-id=\"865ffde\" data-element_type=\"widget\" data-e-type=\"widget\" data-widget_type=\"image.default\">\n\t\t\t\t<div class=\"elementor-widget-container\">\n\t\t\t\t\t\t\t\t\t\t\t\t\t\t\t<img loading=\"lazy\" decoding=\"async\" width=\"293\" height=\"172\" src=\"https:\/\/gabitel.net\/wp-content\/uploads\/2025\/06\/etsi-min.png\" class=\"attachment-medium size-medium wp-image-31770\" alt=\"\" \/>\t\t\t\t\t\t\t\t\t\t\t\t\t\t\t<\/div>\n\t\t\t\t<\/div>\n\t\t\t\t<div class=\"elementor-element elementor-element-9b6df04 elementor-widget elementor-widget-text-editor\" data-id=\"9b6df04\" data-element_type=\"widget\" data-e-type=\"widget\" data-widget_type=\"text-editor.default\">\n\t\t\t\t<div class=\"elementor-widget-container\">\n\t\t\t\t\t\t\t\t\t<p><strong>AUSZEICHNUNG F\u00dcR GELEISTETE ARBEITEN IM PROFESSIONELLEN BEREICH 2020<\/strong> , verliehen von der HIGHER TECHNICAL SCHOOL OF ENGINEERING (ETSI)<\/p>\t\t\t\t\t\t\t\t<\/div>\n\t\t\t\t<\/div>\n\t\t\t\t<\/div>\n\t\t<div class=\"elementor-element elementor-element-65c7bb7 e-con-full e-flex e-con e-child\" data-id=\"65c7bb7\" data-element_type=\"container\" data-e-type=\"container\">\n\t\t\t\t<div class=\"elementor-element elementor-element-c0255ad elementor-widget elementor-widget-image\" data-id=\"c0255ad\" data-element_type=\"widget\" data-e-type=\"widget\" data-widget_type=\"image.default\">\n\t\t\t\t<div class=\"elementor-widget-container\">\n\t\t\t\t\t\t\t\t\t\t\t\t\t\t\t<img decoding=\"async\" width=\"300\" height=\"193\" src=\"https:\/\/gabitel.net\/wp-content\/uploads\/2025\/06\/juntaandalucia-300x193.png\" class=\"attachment-medium size-medium wp-image-31768\" alt=\"juntaandalucia\" srcset=\"https:\/\/gabitel.net\/wp-content\/uploads\/2025\/06\/juntaandalucia-300x193.png 300w, https:\/\/gabitel.net\/wp-content\/uploads\/2025\/06\/juntaandalucia-768x495.png 768w, https:\/\/gabitel.net\/wp-content\/uploads\/2025\/06\/juntaandalucia.png 1006w\" sizes=\"(max-width: 300px) 100vw, 300px\" \/>\t\t\t\t\t\t\t\t\t\t\t\t\t\t\t<\/div>\n\t\t\t\t<\/div>\n\t\t\t\t<div class=\"elementor-element elementor-element-a41f660 elementor-widget elementor-widget-text-editor\" data-id=\"a41f660\" data-element_type=\"widget\" data-e-type=\"widget\" data-widget_type=\"text-editor.default\">\n\t\t\t\t<div class=\"elementor-widget-container\">\n\t\t\t\t\t\t\t\t\t<p><strong>BUSINESS AND INNOVATIVE ACTION AWARD 2018<\/strong> , verliehen von der JUNTA DE ANDALUC\u00cdA<\/p>\t\t\t\t\t\t\t\t<\/div>\n\t\t\t\t<\/div>\n\t\t\t\t<\/div>\n\t\t<div class=\"elementor-element elementor-element-cfbaa5c e-con-full e-flex e-con e-child\" data-id=\"cfbaa5c\" data-element_type=\"container\" data-e-type=\"container\">\n\t\t\t\t<div class=\"elementor-element elementor-element-93d7e9b elementor-widget elementor-widget-image\" data-id=\"93d7e9b\" data-element_type=\"widget\" data-e-type=\"widget\" data-widget_type=\"image.default\">\n\t\t\t\t<div class=\"elementor-widget-container\">\n\t\t\t\t\t\t\t\t\t\t\t\t\t\t\t<img loading=\"lazy\" decoding=\"async\" width=\"300\" height=\"86\" src=\"https:\/\/gabitel.net\/wp-content\/uploads\/2025\/06\/cajasolFoe-300x86.png\" class=\"attachment-medium size-medium wp-image-31771\" alt=\"cajasolFoe\" srcset=\"https:\/\/gabitel.net\/wp-content\/uploads\/2025\/06\/cajasolFoe-300x86.png 300w, https:\/\/gabitel.net\/wp-content\/uploads\/2025\/06\/cajasolFoe.png 354w\" sizes=\"(max-width: 300px) 100vw, 300px\" \/>\t\t\t\t\t\t\t\t\t\t\t\t\t\t\t<\/div>\n\t\t\t\t<\/div>\n\t\t\t\t<div class=\"elementor-element elementor-element-591cc20 elementor-widget elementor-widget-text-editor\" data-id=\"591cc20\" data-element_type=\"widget\" data-e-type=\"widget\" data-widget_type=\"text-editor.default\">\n\t\t\t\t<div class=\"elementor-widget-container\">\n\t\t\t\t\t\t\t\t\t<p><strong>HUELVA ENTREPRENEUR OF THE YEAR AWARD 2018<\/strong> , verliehen von der Unternehmervereinigung Huelva und der CAJASOL FOUNDATION<\/p>\t\t\t\t\t\t\t\t<\/div>\n\t\t\t\t<\/div>\n\t\t\t\t<\/div>\n\t\t<div class=\"elementor-element elementor-element-be59532 e-con-full e-flex e-con e-child\" data-id=\"be59532\" data-element_type=\"container\" data-e-type=\"container\">\n\t\t\t\t<div class=\"elementor-element elementor-element-3d381a1 elementor-widget elementor-widget-image\" data-id=\"3d381a1\" data-element_type=\"widget\" data-e-type=\"widget\" data-widget_type=\"image.default\">\n\t\t\t\t<div class=\"elementor-widget-container\">\n\t\t\t\t\t\t\t\t\t\t\t\t\t\t\t<img loading=\"lazy\" decoding=\"async\" width=\"236\" height=\"175\" src=\"https:\/\/gabitel.net\/wp-content\/uploads\/2025\/06\/camaraComercio.jpg\" class=\"attachment-medium size-medium wp-image-31772\" alt=\"camaraComercio\" \/>\t\t\t\t\t\t\t\t\t\t\t\t\t\t\t<\/div>\n\t\t\t\t<\/div>\n\t\t\t\t<div class=\"elementor-element elementor-element-d1facaa elementor-widget elementor-widget-text-editor\" data-id=\"d1facaa\" data-element_type=\"widget\" data-e-type=\"widget\" data-widget_type=\"text-editor.default\">\n\t\t\t\t<div class=\"elementor-widget-container\">\n\t\t\t\t\t\t\t\t\t<p><strong>HUELVA SME OF THE YEAR AWARD 2017<\/strong> , organisiert von der CHAMBER OF COMMERCE, BANCO SANTANDER und HUELVA INFORMACI\u00d3N<\/p>\t\t\t\t\t\t\t\t<\/div>\n\t\t\t\t<\/div>\n\t\t\t\t<\/div>\n\t\t<div class=\"elementor-element elementor-element-b46fdf5 e-con-full e-flex e-con e-child\" data-id=\"b46fdf5\" data-element_type=\"container\" data-e-type=\"container\">\n\t\t\t\t<div class=\"elementor-element elementor-element-5dad4af elementor-widget elementor-widget-image\" data-id=\"5dad4af\" data-element_type=\"widget\" data-e-type=\"widget\" data-widget_type=\"image.default\">\n\t\t\t\t<div class=\"elementor-widget-container\">\n\t\t\t\t\t\t\t\t\t\t\t\t\t\t\t<img decoding=\"async\" src=\"https:\/\/gabitel.net\/wp-content\/uploads\/elementor\/thumbs\/jolyCaixa-r85w2xgkt6jaiddk87o3davjih7dq5lub4o41r9d5o.jpg\" title=\"jolyCaixa\" alt=\"jolyCaixa\" loading=\"lazy\" \/>\t\t\t\t\t\t\t\t\t\t\t\t\t\t\t<\/div>\n\t\t\t\t<\/div>\n\t\t\t\t<div class=\"elementor-element elementor-element-1638bdf elementor-widget elementor-widget-text-editor\" data-id=\"1638bdf\" data-element_type=\"widget\" data-e-type=\"widget\" data-widget_type=\"text-editor.default\">\n\t\t\t\t<div class=\"elementor-widget-container\">\n\t\t\t\t\t\t\t\t\t<p><strong>BUSINESS EXCELLENCE AWARD 2016<\/strong> , verliehen von GRUPO JOLY und LA CAIXA<\/p>\t\t\t\t\t\t\t\t<\/div>\n\t\t\t\t<\/div>\n\t\t\t\t<\/div>\n\t\t<div class=\"elementor-element elementor-element-cdc8759 e-con-full e-flex e-con e-child\" data-id=\"cdc8759\" data-element_type=\"container\" data-e-type=\"container\">\n\t\t\t\t<div class=\"elementor-element elementor-element-ecf55c4 elementor-widget elementor-widget-image\" data-id=\"ecf55c4\" data-element_type=\"widget\" data-e-type=\"widget\" data-widget_type=\"image.default\">\n\t\t\t\t<div class=\"elementor-widget-container\">\n\t\t\t\t\t\t\t\t\t\t\t\t\t\t\t<img loading=\"lazy\" decoding=\"async\" width=\"79\" height=\"55\" src=\"https:\/\/gabitel.net\/wp-content\/uploads\/2025\/06\/ces.jpg\" class=\"attachment-medium size-medium wp-image-31774\" alt=\"ces\" \/>\t\t\t\t\t\t\t\t\t\t\t\t\t\t\t<\/div>\n\t\t\t\t<\/div>\n\t\t\t\t<div class=\"elementor-element elementor-element-9ca02d7 elementor-widget elementor-widget-text-editor\" data-id=\"9ca02d7\" data-element_type=\"widget\" data-e-type=\"widget\" data-widget_type=\"text-editor.default\">\n\t\t\t\t<div class=\"elementor-widget-container\">\n\t\t\t\t\t\t\t\t\t<p><strong>CORPORATE SOCIAL RESPONSIBILITY AWARD 2016<\/strong> , verliehen vom Unternehmerverband von Sevilla<\/p>\t\t\t\t\t\t\t\t<\/div>\n\t\t\t\t<\/div>\n\t\t\t\t<\/div>\n\t\t<div class=\"elementor-element elementor-element-8b8026f e-con-full e-flex e-con e-child\" data-id=\"8b8026f\" data-element_type=\"container\" data-e-type=\"container\">\n\t\t\t\t<div class=\"elementor-element elementor-element-04cc258 elementor-widget elementor-widget-image\" data-id=\"04cc258\" data-element_type=\"widget\" data-e-type=\"widget\" data-widget_type=\"image.default\">\n\t\t\t\t<div class=\"elementor-widget-container\">\n\t\t\t\t\t\t\t\t\t\t\t\t\t\t\t<img loading=\"lazy\" decoding=\"async\" width=\"55\" height=\"55\" src=\"https:\/\/gabitel.net\/wp-content\/uploads\/2025\/06\/aje.jpg\" class=\"attachment-medium size-medium wp-image-31775\" alt=\"\" \/>\t\t\t\t\t\t\t\t\t\t\t\t\t\t\t<\/div>\n\t\t\t\t<\/div>\n\t\t\t\t<div class=\"elementor-element elementor-element-5ed513a elementor-widget elementor-widget-text-editor\" data-id=\"5ed513a\" data-element_type=\"widget\" data-e-type=\"widget\" data-widget_type=\"text-editor.default\">\n\t\t\t\t<div class=\"elementor-widget-container\">\n\t\t\t\t\t\t\t\t\t<p><strong>BUSINESS CAREER AWARD 2016<\/strong> , verliehen vom VERBAND DER JUNGEN UNTERNEHMER VON HUELVA.<\/p>\t\t\t\t\t\t\t\t<\/div>\n\t\t\t\t<\/div>\n\t\t\t\t<\/div>\n\t\t<div class=\"elementor-element elementor-element-1067f3d e-con-full e-flex e-con e-child\" data-id=\"1067f3d\" data-element_type=\"container\" data-e-type=\"container\">\n\t\t\t\t<div class=\"elementor-element elementor-element-37e82fe elementor-widget elementor-widget-image\" data-id=\"37e82fe\" data-element_type=\"widget\" data-e-type=\"widget\" data-widget_type=\"image.default\">\n\t\t\t\t<div class=\"elementor-widget-container\">\n\t\t\t\t\t\t\t\t\t\t\t\t\t\t\t<img loading=\"lazy\" decoding=\"async\" width=\"224\" height=\"87\" src=\"https:\/\/gabitel.net\/wp-content\/uploads\/2025\/06\/colegio.jpg\" class=\"attachment-medium size-medium wp-image-31776\" alt=\"colegio\" \/>\t\t\t\t\t\t\t\t\t\t\t\t\t\t\t<\/div>\n\t\t\t\t<\/div>\n\t\t\t\t<div class=\"elementor-element elementor-element-f478b7a elementor-widget elementor-widget-text-editor\" data-id=\"f478b7a\" data-element_type=\"widget\" data-e-type=\"widget\" data-widget_type=\"text-editor.default\">\n\t\t\t\t<div class=\"elementor-widget-container\">\n\t\t\t\t\t\t\t\t\t<p><strong>PREIS F\u00dcR INNOVATIVE INITIATIVE 2016<\/strong> , verliehen von der offiziellen Schule der Telekommunikationsingenieure von Westandalusien und Ceuta.<\/p>\t\t\t\t\t\t\t\t<\/div>\n\t\t\t\t<\/div>\n\t\t\t\t<\/div>\n\t\t<div class=\"elementor-element elementor-element-be374f2 e-con-full e-flex e-con e-child\" data-id=\"be374f2\" data-element_type=\"container\" data-e-type=\"container\">\n\t\t\t\t<div class=\"elementor-element elementor-element-3a2d065 elementor-widget elementor-widget-image\" data-id=\"3a2d065\" data-element_type=\"widget\" data-e-type=\"widget\" data-widget_type=\"image.default\">\n\t\t\t\t<div class=\"elementor-widget-container\">\n\t\t\t\t\t\t\t\t\t\t\t\t\t\t\t<img loading=\"lazy\" decoding=\"async\" width=\"89\" height=\"47\" src=\"https:\/\/gabitel.net\/wp-content\/uploads\/2025\/06\/foe.jpg\" class=\"attachment-medium size-medium wp-image-31777\" alt=\"\" \/>\t\t\t\t\t\t\t\t\t\t\t\t\t\t\t<\/div>\n\t\t\t\t<\/div>\n\t\t\t\t<div class=\"elementor-element elementor-element-5dc671b elementor-widget elementor-widget-text-editor\" data-id=\"5dc671b\" data-element_type=\"widget\" data-e-type=\"widget\" data-widget_type=\"text-editor.default\">\n\t\t\t\t<div class=\"elementor-widget-container\">\n\t\t\t\t\t\t\t\t\t<p><strong>AUSZEICHNUNG \u201eUNTERNEHMER DES JAHRES 2008<\/strong>\u201c VERLIEHEN VOM UNTERNEHMERVERBAND HUELVA<\/p>\t\t\t\t\t\t\t\t<\/div>\n\t\t\t\t<\/div>\n\t\t\t\t<\/div>\n\t\t<div class=\"elementor-element elementor-element-8b9ae01 e-con-full e-flex e-con e-child\" data-id=\"8b9ae01\" data-element_type=\"container\" data-e-type=\"container\">\n\t\t\t\t<div class=\"elementor-element elementor-element-b1ab8d9 elementor-widget elementor-widget-image\" data-id=\"b1ab8d9\" data-element_type=\"widget\" data-e-type=\"widget\" data-widget_type=\"image.default\">\n\t\t\t\t<div class=\"elementor-widget-container\">\n\t\t\t\t\t\t\t\t\t\t\t\t\t\t\t<img loading=\"lazy\" decoding=\"async\" width=\"55\" height=\"55\" src=\"https:\/\/gabitel.net\/wp-content\/uploads\/2025\/06\/aje.jpg\" class=\"attachment-medium size-medium wp-image-31775\" alt=\"\" \/>\t\t\t\t\t\t\t\t\t\t\t\t\t\t\t<\/div>\n\t\t\t\t<\/div>\n\t\t\t\t<div class=\"elementor-element elementor-element-50333cd elementor-widget elementor-widget-text-editor\" data-id=\"50333cd\" data-element_type=\"widget\" data-e-type=\"widget\" data-widget_type=\"text-editor.default\">\n\t\t\t\t<div class=\"elementor-widget-container\">\n\t\t\t\t\t\t\t\t\t<p><strong>PREIS F\u00dcR JUNGE UNTERNEHMER 2007<\/strong> , verliehen vom VERBAND DER JUNGEN UNTERNEHMER VON HUELVA<\/p>\t\t\t\t\t\t\t\t<\/div>\n\t\t\t\t<\/div>\n\t\t\t\t<\/div>\n\t\t\t\t<\/div>\n\t\t\t\t\t<\/div>\n\t\t\t\t<\/div>\n\t\t<div class=\"elementor-element elementor-element-6e4cb6e e-flex e-con-boxed e-con e-parent\" data-id=\"6e4cb6e\" data-element_type=\"container\" data-e-type=\"container\" data-settings=\"{&quot;background_background&quot;:&quot;classic&quot;}\">\n\t\t\t\t\t<div class=\"e-con-inner\">\n\t\t\t\t<div class=\"elementor-element elementor-element-2762d2d elementor-widget elementor-widget-heading\" data-id=\"2762d2d\" data-element_type=\"widget\" data-e-type=\"widget\" data-widget_type=\"heading.default\">\n\t\t\t\t<div class=\"elementor-widget-container\">\n\t\t\t\t\t<h2 class=\"elementor-heading-title elementor-size-default\">GABITEL IN DER PRESSE<\/h2>\t\t\t\t<\/div>\n\t\t\t\t<\/div>\n\t\t\t\t\t<\/div>\n\t\t\t\t<\/div>\n\t\t<div class=\"elementor-element elementor-element-9d12bc7 e-flex e-con-boxed e-con e-parent\" data-id=\"9d12bc7\" data-element_type=\"container\" data-e-type=\"container\">\n\t\t\t\t\t<div class=\"e-con-inner\">\n\t\t\t\t<div class=\"elementor-element elementor-element-8572d41 elementor-widget elementor-widget-text-editor\" data-id=\"8572d41\" data-element_type=\"widget\" data-e-type=\"widget\" data-widget_type=\"text-editor.default\">\n\t\t\t\t<div class=\"elementor-widget-container\">\n\t\t\t\t\t\t\t\t\t<p><strong>2024<\/strong><\/p><ul><li><span style=\"color: #7dba00;\"><a style=\"color: #7dba00;\" href=\"https:\/\/www.huelvainformacion.es\/provincia\/Endesa-Gabitel-centenar-arboles-LucenadelPuerto-medioambiente-video_0_1900311340.html\" target=\"_blank\" rel=\"nofollow noopener\">Endesa und Gabitel pflanzen hundert B\u00e4ume in Lucena del Puerto, um die Umwelt zu schonen<\/a><\/span><\/li><li><span style=\"color: #7dba00;\"><a style=\"color: #7dba00;\" href=\"https:\/\/www.huelvainformacion.es\/huelva\/Medallas-entidades-tradiciones-engrandecen-Huelva_0_1865513859.html\" target=\"_blank\" rel=\"nofollow noopener\">Stadtmedaillen f\u00fcr zehn Personen, K\u00f6rperschaften und Traditionen, die Huelva gro\u00df machen<\/a><\/span><\/li><\/ul><p><strong>2023<\/strong><\/p><ul><li><span style=\"color: #7dba00;\"><a style=\"color: #7dba00;\" href=\"https:\/\/www.tomares.es\/vive-tomares\/noticias\/el-ayuntamiento-acoge-el-encuentro-del-ministro-presidente-del-estado-federado\" target=\"_blank\" rel=\"nofollow noopener\">Im Stadtrat von Tomares findet das Treffen des Ministerpr\u00e4sidenten des Landes Baden-W\u00fcrttemberg und der Firma Gabitel Ingenieros statt<\/a><\/span><\/li><li><span style=\"color: #7dba00;\"><a style=\"color: #7dba00;\" href=\"https:\/\/www.huelvainformacion.es\/huelva\/Gabitel-Ingenieros-Onubense-Ano-Economia_0_1813320566.html\" target=\"_blank\" rel=\"nofollow noopener\">Gabitel Ingenieros, Auszeichnung \u201eHuelva des Jahres\u201c in der Kategorie \u201eWirtschaft und Unternehmen\u201c<\/a><\/span><\/li><\/ul><p><strong>2022<\/strong><\/p><ul><li><span style=\"color: #7dba00;\"><a style=\"color: #7dba00;\" href=\"https:\/\/www.huelvainformacion.es\/huelva\/Universidad-Huelva-potencial-investigaciones-hidrogeno_0_1659135867.html\" target=\"_blank\" rel=\"nofollow noopener\">Die Universit\u00e4t Huelva zeigt ihr Potenzial in der Forschung zu gr\u00fcnem Wasserstoff<\/a><\/span><\/li><\/ul><p><strong>2021<\/strong><\/p><ul><li><span style=\"color: #7dba00;\"><a style=\"color: #7dba00;\" href=\"https:\/\/www.huelvainformacion.es\/huelva\/UHU-Catedra-Gabitel-hidrogeno-conservacion_0_1611440507.html\" target=\"_blank\" rel=\"nofollow noopener\">Die UHU startet den Gabitzel-Lehrstuhl zum Thema Wasserstoff, um den Schutz des Planeten zu f\u00f6rdern<\/a><\/span><\/li><li><span style=\"color: #7dba00;\"><a style=\"color: #7dba00;\" href=\"https:\/\/www.huelvainformacion.es\/huelva\/embajada-britanica-Madrid-premia-Gabitel_0_1554746503.html\" target=\"_blank\" rel=\"nofollow noopener\">Die britische Botschaft in Madrid zeichnet Gabitel f\u00fcr ihr Glasfasernetz aus<\/a><\/span><\/li><\/ul><p><strong>2019<\/strong><\/p><ul><li><a href=\"https:\/\/empresaexterior.com\/archive\/68850\/gabitel-ingenieros-logra-que-el-15-de-su-factura-ya-sea-internacional-en-solo-dos-anos\" target=\"_blank\" rel=\"nofollow noopener\"><span style=\"color: #7dba00;\">Gabitel Ingenieros erreicht in nur zwei Jahren, dass bereits 15 % seines Umsatzes international erwirtschaftet werden<\/span><\/a><\/li><\/ul><p><strong>2018<\/strong><\/p><ul><li><a href=\"http:\/\/www.diariojaen.es\/linares\/en-busca-del-desarrollo-social-FB4366412\" target=\"_blank\" rel=\"nofollow noopener\"><span style=\"color: #7dba00;\">Auf der Suche nach gesellschaftlicher Entwicklung.<\/span><\/a><\/li><li><span style=\"color: #7dba00;\"><a style=\"color: #7dba00;\" href=\"https:\/\/www.huelvainformacion.es\/huelva\/Gabitel-duplica-sede-proyecta-mundialmente_0_1256874906.html\" target=\"_blank\" rel=\"nofollow noopener\">Gabitel verdoppelt seinen Hauptsitz und projiziert sich weltweit.<\/a><\/span><\/li><li><a href=\"http:\/\/www.huelvainformacion.es\/huelva\/Junta-concede-distinciones-Dia-Andalucia_0_1220878245.html\" target=\"_blank\" rel=\"nofollow noopener\"><span style=\"color: #7dba00;\">Die Junta vergibt anl\u00e4sslich des Andalusien-Tages zw\u00f6lf Auszeichnungen.<\/span><\/a><\/li><\/ul><p><strong>2017<\/strong><\/p><ul><li><a href=\"http:\/\/heconomia.es\/volatil.asp?o=-1818604437\" target=\"_blank\" rel=\"nofollow noopener\"><span style=\"color: #7dba00;\">Gabitel Ingenieros, Auszeichnung f\u00fcr KMU des Jahres 2017 in Huelva.<\/span><\/a><\/li><li><a href=\"http:\/\/www.huelvainformacion.es\/huelva\/Gabitel-Ingenieros-Premio-Pyme-Huelva_0_1191181506.html\" target=\"_blank\" rel=\"nofollow noopener\"><span style=\"color: #7dba00;\">Gabitel Ingenieros gewinnt den Preis f\u00fcr das KMU des Jahres in Huelva.<\/span><\/a><\/li><li><a href=\"http:\/\/www.lavanguardia.com\/local\/sevilla\/20171027\/432388600020\/una-decena-de-empresas-tic-andaluzas-se-promocionan-en-eeuu-a-traves-de-una-mision-comercial-de-extenda.html\" target=\"_blank\" rel=\"nofollow noopener\"><span style=\"color: #7dba00;\">Ein Dutzend andalusischer IKT-Unternehmen werden in den USA durch eine Extenda-Handelsmission gef\u00f6rdert.<\/span><\/a><\/li><li><a href=\"http:\/\/www.huelvainformacion.es\/huelva\/empresas-onubenses-II-Salon-Mineria_0_1180682117.html\" target=\"_blank\" rel=\"nofollow noopener\"><span style=\"color: #7dba00;\">F\u00fcnf Unternehmen aus Huelva werden auf der II Mining Show vertreten sein.<\/span><\/a><\/li><li><a href=\"http:\/\/www.huelvainformacion.es\/huelva\/empresas-aspiran-convertirse-Pyme-Ano_0_1177382448.html\" target=\"_blank\" rel=\"nofollow noopener\"><span style=\"color: #7dba00;\">Drei Unternehmen streben danach, KMU des Jahres 2017 zu werden.<\/span><\/a><\/li><li><a href=\"http:\/\/tribunabbva.sevilla.abc.es\/noticia\/gabitel-duplica-su-negocio-subida-a-la-fibra-optica\" target=\"_blank\" rel=\"nofollow noopener\"><span style=\"color: #7dba00;\">Gabitel verdoppelt sein Glasfasergesch\u00e4ft.<\/span><\/a><\/li><li><a href=\"http:\/\/www.heconomia.es\/volatil.asp?o=189689337\" target=\"_blank\" rel=\"nofollow noopener\"><span style=\"color: #7dba00;\">Die Junta verweist auf Gabitel Ingenieros als Beispiel f\u00fcr Innovation und Internationalisierung.<\/span><\/a><\/li><li><a href=\"http:\/\/ondemand.rtva.ondemand.flumotion.com\/rtva\/ondemand\/mp4-web\/Chopper\/csn1_huelva\/csn1_huelva-20170126_1409_0000.mp4\" target=\"_blank\" rel=\"nofollow noopener\"><span style=\"color: #7dba00;\">Der Wirtschaftsminister besucht den Sitz von Gabitel Ingenieros (Video).<\/span><\/a><\/li><\/ul><p><strong>2016<\/strong><\/p><ul><li><a href=\"http:\/\/www.huelvainformacion.es\/huelva\/Plan-Estrategico-Industrial-compromiso-Huelva_0_1078392741.html\" target=\"_blank\" rel=\"nofollow noopener\"><span style=\"color: #7dba00;\">Der Strategische Plan f\u00fcr die Industrie bekr\u00e4ftigt das Engagement von Huelva in diesem Sektor.<\/span><\/a><\/li><li><a href=\"http:\/\/www.diariodesevilla.es\/article\/economia\/2379470\/andalucia\/saca\/pecho\/por\/unas\/pymes\/bandera.html\" target=\"_blank\" rel=\"nofollow noopener\"><span style=\"color: #7dba00;\">Andalusien ist stolz auf einige Vorzeige-KMU.<\/span><\/a><\/li><li><a href=\"http:\/\/www.20minutos.es\/noticia\/2849766\/0\/aljarafesa-gabitel-ingenieros-premios-2016-responsabilidad-social-empresarial\/\" target=\"_blank\" rel=\"nofollow noopener\"><span style=\"color: #7dba00;\">Aljarafesa und Gabitel Ingenieros, Auszeichnungen 2016 f\u00fcr Corporate Social Responsibility.<\/span><\/a><\/li><li><a href=\"http:\/\/www.diariodesevilla.es\/article\/provincia\/2377337\/premian\/aljarafesa\/y\/gabitel\/ingenieros\/por\/sus\/actuaciones\/responsabilidad\/social.html\" target=\"_blank\" rel=\"nofollow noopener\"><span style=\"color: #7dba00;\">Aljarafesa und Gabitel Ingenieros werden f\u00fcr ihr Engagement im Bereich der sozialen Verantwortung ausgezeichnet.<\/span><\/a><\/li><li><a href=\"http:\/\/huelvaya.es\/2016\/06\/22\/el-psoe-defiende-el-empleo-estable-de-calidad-vinculado-a-la-innovacion\/\" target=\"_blank\" rel=\"nofollow noopener\"><span style=\"color: #7dba00;\">Die PSOE setzt sich f\u00fcr stabile und hochwertige Arbeitspl\u00e4tze in Verbindung mit Innovation ein.<\/span><\/a><\/li><li><a href=\"http:\/\/huelvabuenasnoticias.com\/2016\/06\/17\/la-empresa-onubense-gabitel-ingenieros-premio-andaluz-de-las-telecomunicaciones-a-la-innovacion\/\" target=\"_blank\" rel=\"nofollow noopener\"><span style=\"color: #7dba00;\">Das in Huelva ans\u00e4ssige Unternehmen \u201eGabitel Ingenieros\u201c, Andalusischer Telekommunikationspreis f\u00fcr Innovation.<\/span><\/a><\/li><li><a href=\"http:\/\/www.cibersur.com\/cibersur\/impe\/dt\/018595\/etsi\/sevilla\/gabitel\/ingenieros\/sebastian\/urban\/premios\/andaluces\/telecomunicaciones\/2016\" target=\"_blank\" rel=\"nofollow noopener\"><span style=\"color: #7dba00;\">Die ETSI von Sevilla, Gabitel Ingenieros und Sebasti\u00e1n Urb\u00e1n Andalusische Telekommunikationspreise 2016.<\/span><\/a><\/li><li><a href=\"http:\/\/huelvabuenasnoticias.com\/2016\/04\/29\/gabitel-ingenieros-inaugura-nueva-sede-en-huelva\/\" target=\"_blank\" rel=\"nofollow noopener\"><span style=\"color: #7dba00;\">Gabitel Ingenieros weiht einen neuen Hauptsitz in Huelva ein.<\/span><\/a><\/li><li><a href=\"http:\/\/huelva24.com\/not\/84369\/gabitel-ingenieros-estrena-su-nueva-sede-para-una-etapa-marcada-por-las-alianzas-estrategicas-\/\" target=\"_blank\" rel=\"nofollow noopener\"><span style=\"color: #7dba00;\">Gabitel Ingenieros er\u00f6ffnet seinen neuen Hauptsitz f\u00fcr eine Zeit, die von strategischen Allianzen gepr\u00e4gt ist.<\/span><\/a><\/li><\/ul><p><strong>2013<\/strong><\/p><ul><li><a href=\"http:\/\/www.huelvainformacion.es\/article\/huelva\/1645744\/gaudia\/y\/gabitel\/ofrecen\/ayudas\/para\/impulsar\/tres\/proyectos\/empresariales.html\" target=\"_blank\" rel=\"nofollow noopener\"><span style=\"color: #7dba00;\">Gaudia und Gabitel bieten Stipendien an, um drei Unternehmensprojekte zu f\u00f6rdern.<\/span><\/a><\/li><\/ul><p><strong>2009<\/strong><\/p><ul><li><a href=\"http:\/\/www.cea.es\/portal\/noticias\/?id=20306\" target=\"_blank\" rel=\"nofollow noopener\"><span style=\"color: #7dba00;\">Das FOE und Cajasol feierten die VII. Ausgabe der Auszeichnung \u201eUnternehmer des Jahres\u201c.<\/span><\/a><\/li><li><a href=\"http:\/\/www.heconomia.es\/activos.asp?o=1437136158\" target=\"_blank\" rel=\"nofollow noopener\"><span style=\"color: #7dba00;\">Gabitel Ingenieros setzt auf erneuerbare Energien, um die Konsolidierung voranzutreiben<\/span><\/a><\/li><\/ul><p><strong>2007<\/strong><\/p><ul><li><a href=\"http:\/\/www.cej.es\/portalcej\/noticias\/noticias.aspx?id=4450\" target=\"_blank\" rel=\"nofollow noopener\"><span style=\"color: #7dba00;\">Gonzalo Leandro, Gewinner des IV. Young Entrepreneur Award von Huelva<\/span><\/a><\/li><\/ul>\t\t\t\t\t\t\t\t<\/div>\n\t\t\t\t<\/div>\n\t\t\t\t\t<\/div>\n\t\t\t\t<\/div>\n\t\t\t\t<\/div>\n\t\t","protected":false},"excerpt":{"rendered":"<p>PREISE UND AUSZEICHNUNGEN MEDAILLE DER STADT HUELVA 2024 F\u00dcR UNTERNEHMERISCHE T\u00c4TIGKEIT, verliehen vom Stadtrat von Huelva XXXV HUELVA AWARDS OF THE YEAR 2023 IN DER KATEGORIE WIRTSCHAFT UND UNTERNEHMEN verliehen von GRUPO JOLY FINALIST ALAS AWARD 2023 F\u00dcR DIE INTERNALISIERUNG ANDALUSISCHER UNTERNEHMEN , verliehen von der JUNTA DE ANDALUC\u00cdA GABITEL&#8217;S INTERNATIONAL EXPANSION AWARD IN THE [&hellip;]<\/p>\n","protected":false},"author":2,"featured_media":0,"parent":0,"menu_order":0,"comment_status":"closed","ping_status":"closed","template":"","meta":{"content-type":"","footnotes":""},"class_list":["post-31765","page","type-page","status-publish","hentry"],"yoast_head":"<!-- This site is optimized with the Yoast SEO plugin v27.4 - https:\/\/yoast.com\/product\/yoast-seo-wordpress\/ -->\n<title>Auszeichnungen und Anerkennungen - Gabitel<\/title>\n<meta name=\"robots\" content=\"index, follow, max-snippet:-1, max-image-preview:large, max-video-preview:-1\" \/>\n<link rel=\"canonical\" href=\"https:\/\/gabitel.net\/de\/auszeichnungen-und-anerkennungen\/\" \/>\n<meta property=\"og:locale\" content=\"de_DE\" \/>\n<meta property=\"og:type\" content=\"article\" \/>\n<meta property=\"og:title\" content=\"Auszeichnungen und Anerkennungen - Gabitel\" \/>\n<meta property=\"og:description\" content=\"PREISE UND AUSZEICHNUNGEN MEDAILLE DER STADT HUELVA 2024 F\u00dcR UNTERNEHMERISCHE T\u00c4TIGKEIT, verliehen vom Stadtrat von Huelva XXXV HUELVA AWARDS OF THE YEAR 2023 IN DER KATEGORIE WIRTSCHAFT UND UNTERNEHMEN verliehen von GRUPO JOLY FINALIST ALAS AWARD 2023 F\u00dcR DIE INTERNALISIERUNG ANDALUSISCHER UNTERNEHMEN , verliehen von der JUNTA DE ANDALUC\u00cdA GABITEL&#8217;S INTERNATIONAL EXPANSION AWARD IN THE [&hellip;]\" \/>\n<meta property=\"og:url\" content=\"https:\/\/gabitel.net\/de\/auszeichnungen-und-anerkennungen\/\" \/>\n<meta property=\"og:site_name\" content=\"Gabitel\" \/>\n<meta property=\"article:publisher\" content=\"https:\/\/www.facebook.com\/gabitelingenieros\/\" \/>\n<meta property=\"article:modified_time\" content=\"2026-01-07T11:48:42+00:00\" \/>\n<meta property=\"og:image\" content=\"https:\/\/gabitel.net\/wp-content\/uploads\/2025\/06\/Ayuntamiento_Huelva_Logo.png\" \/>\n\t<meta property=\"og:image:width\" content=\"452\" \/>\n\t<meta property=\"og:image:height\" content=\"264\" \/>\n\t<meta property=\"og:image:type\" content=\"image\/png\" \/>\n<meta name=\"twitter:card\" content=\"summary_large_image\" \/>\n<meta name=\"twitter:label1\" content=\"Gesch\u00e4tzte Lesezeit\" \/>\n\t<meta name=\"twitter:data1\" content=\"7\u00a0Minuten\" \/>\n<script type=\"application\/ld+json\" class=\"yoast-schema-graph\">{\"@context\":\"https:\\\/\\\/schema.org\",\"@graph\":[{\"@type\":\"WebPage\",\"@id\":\"https:\\\/\\\/gabitel.net\\\/de\\\/auszeichnungen-und-anerkennungen\\\/\",\"url\":\"https:\\\/\\\/gabitel.net\\\/de\\\/auszeichnungen-und-anerkennungen\\\/\",\"name\":\"Auszeichnungen und Anerkennungen - Gabitel\",\"isPartOf\":{\"@id\":\"https:\\\/\\\/gabitel.net\\\/de\\\/#website\"},\"primaryImageOfPage\":{\"@id\":\"https:\\\/\\\/gabitel.net\\\/de\\\/auszeichnungen-und-anerkennungen\\\/#primaryimage\"},\"image\":{\"@id\":\"https:\\\/\\\/gabitel.net\\\/de\\\/auszeichnungen-und-anerkennungen\\\/#primaryimage\"},\"thumbnailUrl\":\"https:\\\/\\\/gabitel.net\\\/wp-content\\\/uploads\\\/2025\\\/06\\\/Ayuntamiento_Huelva_Logo-300x175.png\",\"datePublished\":\"2025-06-02T07:28:01+00:00\",\"dateModified\":\"2026-01-07T11:48:42+00:00\",\"breadcrumb\":{\"@id\":\"https:\\\/\\\/gabitel.net\\\/de\\\/auszeichnungen-und-anerkennungen\\\/#breadcrumb\"},\"inLanguage\":\"de\",\"potentialAction\":[{\"@type\":\"ReadAction\",\"target\":[\"https:\\\/\\\/gabitel.net\\\/de\\\/auszeichnungen-und-anerkennungen\\\/\"]}]},{\"@type\":\"ImageObject\",\"inLanguage\":\"de\",\"@id\":\"https:\\\/\\\/gabitel.net\\\/de\\\/auszeichnungen-und-anerkennungen\\\/#primaryimage\",\"url\":\"https:\\\/\\\/gabitel.net\\\/wp-content\\\/uploads\\\/2025\\\/06\\\/Ayuntamiento_Huelva_Logo-300x175.png\",\"contentUrl\":\"https:\\\/\\\/gabitel.net\\\/wp-content\\\/uploads\\\/2025\\\/06\\\/Ayuntamiento_Huelva_Logo-300x175.png\"},{\"@type\":\"BreadcrumbList\",\"@id\":\"https:\\\/\\\/gabitel.net\\\/de\\\/auszeichnungen-und-anerkennungen\\\/#breadcrumb\",\"itemListElement\":[{\"@type\":\"ListItem\",\"position\":1,\"name\":\"Portada\",\"item\":\"https:\\\/\\\/gabitel.net\\\/de\\\/\"},{\"@type\":\"ListItem\",\"position\":2,\"name\":\"Auszeichnungen und Anerkennungen\"}]},{\"@type\":\"WebSite\",\"@id\":\"https:\\\/\\\/gabitel.net\\\/de\\\/#website\",\"url\":\"https:\\\/\\\/gabitel.net\\\/de\\\/\",\"name\":\"Gabitel\",\"description\":\"\",\"publisher\":{\"@id\":\"https:\\\/\\\/gabitel.net\\\/de\\\/#organization\"},\"potentialAction\":[{\"@type\":\"SearchAction\",\"target\":{\"@type\":\"EntryPoint\",\"urlTemplate\":\"https:\\\/\\\/gabitel.net\\\/de\\\/?s={search_term_string}\"},\"query-input\":{\"@type\":\"PropertyValueSpecification\",\"valueRequired\":true,\"valueName\":\"search_term_string\"}}],\"inLanguage\":\"de\"},{\"@type\":\"Organization\",\"@id\":\"https:\\\/\\\/gabitel.net\\\/de\\\/#organization\",\"name\":\"Gabitel\",\"url\":\"https:\\\/\\\/gabitel.net\\\/de\\\/\",\"logo\":{\"@type\":\"ImageObject\",\"inLanguage\":\"de\",\"@id\":\"https:\\\/\\\/gabitel.net\\\/de\\\/#\\\/schema\\\/logo\\\/image\\\/\",\"url\":\"https:\\\/\\\/gabitel.net\\\/wp-content\\\/uploads\\\/2025\\\/05\\\/logo_gabitel.jpg\",\"contentUrl\":\"https:\\\/\\\/gabitel.net\\\/wp-content\\\/uploads\\\/2025\\\/05\\\/logo_gabitel.jpg\",\"width\":2560,\"height\":1330,\"caption\":\"Gabitel\"},\"image\":{\"@id\":\"https:\\\/\\\/gabitel.net\\\/de\\\/#\\\/schema\\\/logo\\\/image\\\/\"},\"sameAs\":[\"https:\\\/\\\/www.facebook.com\\\/gabitelingenieros\\\/\",\"https:\\\/\\\/es.linkedin.com\\\/company\\\/gabitel-ingenieros\"]}]}<\/script>\n<!-- \/ Yoast SEO plugin. -->","yoast_head_json":{"title":"Auszeichnungen und Anerkennungen - Gabitel","robots":{"index":"index","follow":"follow","max-snippet":"max-snippet:-1","max-image-preview":"max-image-preview:large","max-video-preview":"max-video-preview:-1"},"canonical":"https:\/\/gabitel.net\/de\/auszeichnungen-und-anerkennungen\/","og_locale":"de_DE","og_type":"article","og_title":"Auszeichnungen und Anerkennungen - Gabitel","og_description":"PREISE UND AUSZEICHNUNGEN MEDAILLE DER STADT HUELVA 2024 F\u00dcR UNTERNEHMERISCHE T\u00c4TIGKEIT, verliehen vom Stadtrat von Huelva XXXV HUELVA AWARDS OF THE YEAR 2023 IN DER KATEGORIE WIRTSCHAFT UND UNTERNEHMEN verliehen von GRUPO JOLY FINALIST ALAS AWARD 2023 F\u00dcR DIE INTERNALISIERUNG ANDALUSISCHER UNTERNEHMEN , verliehen von der JUNTA DE ANDALUC\u00cdA GABITEL&#8217;S INTERNATIONAL EXPANSION AWARD IN THE [&hellip;]","og_url":"https:\/\/gabitel.net\/de\/auszeichnungen-und-anerkennungen\/","og_site_name":"Gabitel","article_publisher":"https:\/\/www.facebook.com\/gabitelingenieros\/","article_modified_time":"2026-01-07T11:48:42+00:00","og_image":[{"width":452,"height":264,"url":"https:\/\/gabitel.net\/wp-content\/uploads\/2025\/06\/Ayuntamiento_Huelva_Logo.png","type":"image\/png"}],"twitter_card":"summary_large_image","twitter_misc":{"Gesch\u00e4tzte Lesezeit":"7\u00a0Minuten"},"schema":{"@context":"https:\/\/schema.org","@graph":[{"@type":"WebPage","@id":"https:\/\/gabitel.net\/de\/auszeichnungen-und-anerkennungen\/","url":"https:\/\/gabitel.net\/de\/auszeichnungen-und-anerkennungen\/","name":"Auszeichnungen und Anerkennungen - Gabitel","isPartOf":{"@id":"https:\/\/gabitel.net\/de\/#website"},"primaryImageOfPage":{"@id":"https:\/\/gabitel.net\/de\/auszeichnungen-und-anerkennungen\/#primaryimage"},"image":{"@id":"https:\/\/gabitel.net\/de\/auszeichnungen-und-anerkennungen\/#primaryimage"},"thumbnailUrl":"https:\/\/gabitel.net\/wp-content\/uploads\/2025\/06\/Ayuntamiento_Huelva_Logo-300x175.png","datePublished":"2025-06-02T07:28:01+00:00","dateModified":"2026-01-07T11:48:42+00:00","breadcrumb":{"@id":"https:\/\/gabitel.net\/de\/auszeichnungen-und-anerkennungen\/#breadcrumb"},"inLanguage":"de","potentialAction":[{"@type":"ReadAction","target":["https:\/\/gabitel.net\/de\/auszeichnungen-und-anerkennungen\/"]}]},{"@type":"ImageObject","inLanguage":"de","@id":"https:\/\/gabitel.net\/de\/auszeichnungen-und-anerkennungen\/#primaryimage","url":"https:\/\/gabitel.net\/wp-content\/uploads\/2025\/06\/Ayuntamiento_Huelva_Logo-300x175.png","contentUrl":"https:\/\/gabitel.net\/wp-content\/uploads\/2025\/06\/Ayuntamiento_Huelva_Logo-300x175.png"},{"@type":"BreadcrumbList","@id":"https:\/\/gabitel.net\/de\/auszeichnungen-und-anerkennungen\/#breadcrumb","itemListElement":[{"@type":"ListItem","position":1,"name":"Portada","item":"https:\/\/gabitel.net\/de\/"},{"@type":"ListItem","position":2,"name":"Auszeichnungen und Anerkennungen"}]},{"@type":"WebSite","@id":"https:\/\/gabitel.net\/de\/#website","url":"https:\/\/gabitel.net\/de\/","name":"Gabitel","description":"","publisher":{"@id":"https:\/\/gabitel.net\/de\/#organization"},"potentialAction":[{"@type":"SearchAction","target":{"@type":"EntryPoint","urlTemplate":"https:\/\/gabitel.net\/de\/?s={search_term_string}"},"query-input":{"@type":"PropertyValueSpecification","valueRequired":true,"valueName":"search_term_string"}}],"inLanguage":"de"},{"@type":"Organization","@id":"https:\/\/gabitel.net\/de\/#organization","name":"Gabitel","url":"https:\/\/gabitel.net\/de\/","logo":{"@type":"ImageObject","inLanguage":"de","@id":"https:\/\/gabitel.net\/de\/#\/schema\/logo\/image\/","url":"https:\/\/gabitel.net\/wp-content\/uploads\/2025\/05\/logo_gabitel.jpg","contentUrl":"https:\/\/gabitel.net\/wp-content\/uploads\/2025\/05\/logo_gabitel.jpg","width":2560,"height":1330,"caption":"Gabitel"},"image":{"@id":"https:\/\/gabitel.net\/de\/#\/schema\/logo\/image\/"},"sameAs":["https:\/\/www.facebook.com\/gabitelingenieros\/","https:\/\/es.linkedin.com\/company\/gabitel-ingenieros"]}]}},"_links":{"self":[{"href":"https:\/\/gabitel.net\/de\/wp-json\/wp\/v2\/pages\/31765","targetHints":{"allow":["GET"]}}],"collection":[{"href":"https:\/\/gabitel.net\/de\/wp-json\/wp\/v2\/pages"}],"about":[{"href":"https:\/\/gabitel.net\/de\/wp-json\/wp\/v2\/types\/page"}],"author":[{"embeddable":true,"href":"https:\/\/gabitel.net\/de\/wp-json\/wp\/v2\/users\/2"}],"replies":[{"embeddable":true,"href":"https:\/\/gabitel.net\/de\/wp-json\/wp\/v2\/comments?post=31765"}],"version-history":[{"count":5,"href":"https:\/\/gabitel.net\/de\/wp-json\/wp\/v2\/pages\/31765\/revisions"}],"predecessor-version":[{"id":36187,"href":"https:\/\/gabitel.net\/de\/wp-json\/wp\/v2\/pages\/31765\/revisions\/36187"}],"wp:attachment":[{"href":"https:\/\/gabitel.net\/de\/wp-json\/wp\/v2\/media?parent=31765"}],"curies":[{"name":"wp","href":"https:\/\/api.w.org\/{rel}","templated":true}]}}