{"version":"1.0","provider_name":"Gabitel","provider_url":"https:\/\/gabitel.net\/en\/","author_name":"user.autor","author_url":"https:\/\/gabitel.net\/en\/author\/user-autor\/","title":"Carla y El\u00eda - Gabitel","type":"rich","width":600,"height":338,"html":"<blockquote class=\"wp-embedded-content\" data-secret=\"yB5jDEqK9I\"><a href=\"https:\/\/gabitel.net\/en\/carla-y-elia\/\">Carla y El\u00eda<\/a><\/blockquote><iframe sandbox=\"allow-scripts\" security=\"restricted\" src=\"https:\/\/gabitel.net\/en\/carla-y-elia\/embed\/#?secret=yB5jDEqK9I\" width=\"600\" height=\"338\" title=\"&#8220;Carla y El\u00eda&#8221; &#8212; Gabitel\" data-secret=\"yB5jDEqK9I\" frameborder=\"0\" marginwidth=\"0\" marginheight=\"0\" scrolling=\"no\" class=\"wp-embedded-content\"><\/iframe><script>\n\/*! This file is auto-generated *\/\n!function(d,l){\"use strict\";l.querySelector&&d.addEventListener&&\"undefined\"!=typeof URL&&(d.wp=d.wp||{},d.wp.receiveEmbedMessage||(d.wp.receiveEmbedMessage=function(e){var t=e.data;if((t||t.secret||t.message||t.value)&&!\/[^a-zA-Z0-9]\/.test(t.secret)){for(var s,r,n,a=l.querySelectorAll('iframe[data-secret=\"'+t.secret+'\"]'),o=l.querySelectorAll('blockquote[data-secret=\"'+t.secret+'\"]'),c=new RegExp(\"^https?:$\",\"i\"),i=0;i<o.length;i++)o[i].style.display=\"none\";for(i=0;i<a.length;i++)s=a[i],e.source===s.contentWindow&&(s.removeAttribute(\"style\"),\"height\"===t.message?(1e3<(r=parseInt(t.value,10))?r=1e3:~~r<200&&(r=200),s.height=r):\"link\"===t.message&&(r=new URL(s.getAttribute(\"src\")),n=new URL(t.value),c.test(n.protocol))&&n.host===r.host&&l.activeElement===s&&(d.top.location.href=t.value))}},d.addEventListener(\"message\",d.wp.receiveEmbedMessage,!1),l.addEventListener(\"DOMContentLoaded\",function(){for(var e,t,s=l.querySelectorAll(\"iframe.wp-embedded-content\"),r=0;r<s.length;r++)(t=(e=s[r]).getAttribute(\"data-secret\"))||(t=Math.random().toString(36).substring(2,12),e.src+=\"#?secret=\"+t,e.setAttribute(\"data-secret\",t)),e.contentWindow.postMessage({message:\"ready\",secret:t},\"*\")},!1)))}(window,document);\n\/\/# sourceURL=https:\/\/gabitel.net\/wp-includes\/js\/wp-embed.min.js\n<\/script>\n","thumbnail_url":"https:\/\/gabitelingenieros.com\/wp-content\/uploads\/2022\/02\/IMG_6803-min-scaled.jpg","thumbnail_width":600,"thumbnail_height":600,"description":"La \u201cFamilia Gabitel\u201d sigue creciendo con la llegada nuestras peque\u00f1as Carla, hija de nuestro compa\u00f1ero Fernando Mar\u00edn y El\u00eda, hija de nuestra compa\u00f1era Alicia Benavides. Es una alegr\u00eda para todos nosotros poder compartir de alguna manera estos momentos tan especiales y \u00fanicos de vuestras vidas. Carla: &nbsp; Fernando nos cuenta brevemente c\u00f3mo ha vivido su [&hellip;]"}